{"id":14577,"date":"2024-03-28T16:28:22","date_gmt":"2024-03-28T16:28:22","guid":{"rendered":"https:\/\/portocentro.hoti.shareit.pt\/politica-ambiental\/"},"modified":"2025-01-14T15:30:40","modified_gmt":"2025-01-14T15:30:40","slug":"umweltpolitik","status":"publish","type":"page","link":"https:\/\/www.trypportocentro.com\/de\/umweltpolitik\/","title":{"rendered":"Umweltpolitik"},"content":{"rendered":"\t\t<div data-elementor-type=\"wp-page\" data-elementor-id=\"14577\" class=\"elementor elementor-14577 elementor-14211\" data-elementor-post-type=\"page\">\n\t\t\t\t<section class=\"elementor-element elementor-element-9d18320 e-con-full e-flex e-con e-parent\" data-id=\"9d18320\" data-element_type=\"container\" data-settings=\"{&quot;background_background&quot;:&quot;classic&quot;}\">\n\t\t<div class=\"elementor-element elementor-element-edc3c07 e-con-full e-flex e-con e-child\" data-id=\"edc3c07\" data-element_type=\"container\">\n\t\t\t\t<div class=\"elementor-element elementor-element-14f695f elementor-widget elementor-widget-heading\" data-id=\"14f695f\" data-element_type=\"widget\" data-widget_type=\"heading.default\">\n\t\t\t\t<div class=\"elementor-widget-container\">\n\t\t\t\t\t<h1 class=\"elementor-heading-title elementor-size-default\">UMWELTPOLITIK<\/h1>\t\t\t\t<\/div>\n\t\t\t\t<\/div>\n\t\t\t\t<\/div>\n\t\t\t\t<\/section>\n\t\t<section class=\"elementor-element elementor-element-8e7a29a e-con-full e-flex e-con e-parent\" data-id=\"8e7a29a\" data-element_type=\"container\">\n\t\t\t\t<div class=\"elementor-element elementor-element-5428f0b elementor-widget elementor-widget-text-editor\" data-id=\"5428f0b\" data-element_type=\"widget\" data-widget_type=\"text-editor.default\">\n\t\t\t\t<div class=\"elementor-widget-container\">\n\t\t\t\t\t\t\t\t\t<p>Das <strong>Tryp Porto Expo<\/strong> Hotel ist sich der Bedeutung eines verantwortungsvollen und nachhaltigen Managements bei der Entwicklung der Hotelt\u00e4tigkeit bewusst. Im Rahmen dieser Leitlinien verpflichten wir uns, gute Praktiken zu entwickeln und einzuf\u00fchren, die darauf abzielen, die Auswirkungen unserer Dienstleistungen auf die Umwelt zu minimieren, die nat\u00fcrlichen Ressourcen zu erhalten, die Energieeffizienz zu verbessern und eine nachhaltige Zukunft im Tourismussektor aufzubauen. Zu diesem Zweck legt <strong>Tryp Porto Expo<\/strong> diese Politik in den folgenden Punkten fest:<\/p>\t\t\t\t\t\t\t\t<\/div>\n\t\t\t\t<\/div>\n\t\t\t\t<\/section>\n\t\t<section class=\"elementor-element elementor-element-540cb73 e-con-full e-flex e-con e-parent\" data-id=\"540cb73\" data-element_type=\"container\">\n\t\t<div class=\"elementor-element elementor-element-e3e1f7c e-con-full e-flex e-con e-child\" data-id=\"e3e1f7c\" data-element_type=\"container\" data-settings=\"{&quot;background_background&quot;:&quot;classic&quot;}\">\n\t\t\t\t<div class=\"elementor-element elementor-element-917d9c4 elementor-widget elementor-widget-spacer\" data-id=\"917d9c4\" data-element_type=\"widget\" data-widget_type=\"spacer.default\">\n\t\t\t\t<div class=\"elementor-widget-container\">\n\t\t\t\t\t\t\t<div class=\"elementor-spacer\">\n\t\t\t<div class=\"elementor-spacer-inner\"><\/div>\n\t\t<\/div>\n\t\t\t\t\t\t<\/div>\n\t\t\t\t<\/div>\n\t\t\t\t<\/div>\n\t\t<div class=\"elementor-element elementor-element-75fb5c0 e-con-full e-flex e-con e-child\" data-id=\"75fb5c0\" data-element_type=\"container\">\n\t\t<div class=\"elementor-element elementor-element-5fdd577 e-con-full e-flex e-con e-child\" data-id=\"5fdd577\" data-element_type=\"container\">\n\t\t\t\t<div class=\"elementor-element elementor-element-ca4faff elementor-widget elementor-widget-text-editor\" data-id=\"ca4faff\" data-element_type=\"widget\" data-widget_type=\"text-editor.default\">\n\t\t\t\t<div class=\"elementor-widget-container\">\n\t\t\t\t\t\t\t\t\t<p>Die f\u00fcr ihre T\u00e4tigkeit geltenden Rechts- und Umweltvorschriften einzuhalten und ihre Auswirkungen regelm\u00e4\u00dfig zu bewerten.<\/p><p>F\u00f6rderung des Umweltbewusstseins und der Ausbildung der Mitarbeiter, um sie einzubeziehen und sie in guten Umweltpraktiken zu schulen.<\/p><p>Zusammenarbeit und F\u00f6rderung der Kommunikation mit staatlichen und externen Stellen und Verb\u00e4nden.<\/p>\t\t\t\t\t\t\t\t<\/div>\n\t\t\t\t<\/div>\n\t\t\t\t<\/div>\n\t\t\t\t<\/div>\n\t\t\t\t<\/section>\n\t\t<section class=\"elementor-element elementor-element-9dc22db e-con-full e-flex e-con e-parent\" data-id=\"9dc22db\" data-element_type=\"container\">\n\t\t<div class=\"elementor-element elementor-element-a46bd43 e-con-full e-flex e-con e-child\" data-id=\"a46bd43\" data-element_type=\"container\">\n\t\t<div class=\"elementor-element elementor-element-fed2038 e-con-full e-flex e-con e-child\" data-id=\"fed2038\" data-element_type=\"container\">\n\t\t\t\t<div class=\"elementor-element elementor-element-c457ae0 elementor-widget__width-initial elementor-widget elementor-widget-text-editor\" data-id=\"c457ae0\" data-element_type=\"widget\" data-widget_type=\"text-editor.default\">\n\t\t\t\t<div class=\"elementor-widget-container\">\n\t\t\t\t\t\t\t\t\t<p>F\u00f6rderung der Einbeziehung von Lieferanten in Fragen der guten Umweltpraxis mit dem Ziel, die Leistung in diesem Bereich und die des gesamten Betriebs zu verbessern.<\/p><p>Senkung und Kontrolle des Energie- und Rohstoffverbrauchs.<\/p><p>eine Haltung der kontinuierlichen Verbesserung bei der Vermeidung von Umweltverschmutzung einnehmen.<\/p><p>Konsolidierung der Eroberung von Kunden, die bereit sind, die vom Unternehmen angebotenen Dienstleistungen mit einem hohen Qualit\u00e4tsniveau zu nutzen.<\/p>\t\t\t\t\t\t\t\t<\/div>\n\t\t\t\t<\/div>\n\t\t\t\t<\/div>\n\t\t\t\t<\/div>\n\t\t<div class=\"elementor-element elementor-element-a89ee97 e-con-full e-flex e-con e-child\" data-id=\"a89ee97\" data-element_type=\"container\" data-settings=\"{&quot;background_background&quot;:&quot;classic&quot;}\">\n\t\t\t\t<div class=\"elementor-element elementor-element-f749091 elementor-widget elementor-widget-spacer\" data-id=\"f749091\" data-element_type=\"widget\" data-widget_type=\"spacer.default\">\n\t\t\t\t<div class=\"elementor-widget-container\">\n\t\t\t\t\t\t\t<div class=\"elementor-spacer\">\n\t\t\t<div class=\"elementor-spacer-inner\"><\/div>\n\t\t<\/div>\n\t\t\t\t\t\t<\/div>\n\t\t\t\t<\/div>\n\t\t\t\t<\/div>\n\t\t\t\t<\/section>\n\t\t<section class=\"elementor-element elementor-element-7b5907c e-con-full e-flex e-con e-parent\" data-id=\"7b5907c\" data-element_type=\"container\">\n\t\t\t\t<div class=\"elementor-element elementor-element-77a4f60 elementor-widget elementor-widget-text-editor\" data-id=\"77a4f60\" data-element_type=\"widget\" data-widget_type=\"text-editor.default\">\n\t\t\t\t<div class=\"elementor-widget-container\">\n\t\t\t\t\t\t\t\t\t<p>Unter Ber\u00fccksichtigung dieser Grunds\u00e4tze sowie der Bereitstellung der notwendigen und angemessenen Ressourcen, einschlie\u00dflich der Verpflichtung zu spezialisiertem Personal, mit regelm\u00e4\u00dfiger Schulung und technologisch fortschrittlicher Ausstattung, ist das Tryp Porto Centro stets bestrebt, die Bed\u00fcrfnisse und Erwartungen seiner Kunden voll und ganz zu erf\u00fcllen.<\/p>\t\t\t\t\t\t\t\t<\/div>\n\t\t\t\t<\/div>\n\t\t\t\t<\/section>\n\t\t\t\t<\/div>\n\t\t","protected":false},"excerpt":{"rendered":"<p>UMWELTPOLITIK Das Tryp Porto Expo Hotel ist sich der Bedeutung eines verantwortungsvollen und nachhaltigen Managements bei der Entwicklung der Hotelt\u00e4tigkeit bewusst. Im Rahmen dieser Leitlinien verpflichten wir uns, gute Praktiken zu entwickeln und einzuf\u00fchren, die darauf abzielen, die Auswirkungen unserer Dienstleistungen auf die Umwelt zu minimieren, die nat\u00fcrlichen Ressourcen zu erhalten, die Energieeffizienz zu verbessern [&hellip;]<\/p>\n","protected":false},"author":1,"featured_media":0,"parent":0,"menu_order":0,"comment_status":"closed","ping_status":"closed","template":"","meta":{"_acf_changed":false,"footnotes":""},"class_list":["post-14577","page","type-page","status-publish","hentry"],"acf":[],"yoast_head":"<!-- This site is optimized with the Yoast SEO plugin v24.5 - https:\/\/yoast.com\/wordpress\/plugins\/seo\/ -->\n<title>Umweltpolitik - Tryp Porto Centro<\/title>\n<meta name=\"description\" content=\"Das Hotel TRYP Porto Centro befindet sich im historischen Stadtzentrum, nur wenige Minuten von den ikonischen Sehensw\u00fcrdigkeiten Portos entfernt.\" \/>\n<meta name=\"robots\" content=\"index, follow, max-snippet:-1, max-image-preview:large, max-video-preview:-1\" \/>\n<link rel=\"canonical\" href=\"https:\/\/www.trypportocentro.com\/de\/umweltpolitik\/\" \/>\n<meta property=\"og:locale\" content=\"de_DE\" \/>\n<meta property=\"og:type\" content=\"article\" \/>\n<meta property=\"og:title\" content=\"Umweltpolitik - Tryp Porto Centro\" \/>\n<meta property=\"og:description\" content=\"Das Hotel TRYP Porto Centro befindet sich im historischen Stadtzentrum, nur wenige Minuten von den ikonischen Sehensw\u00fcrdigkeiten Portos entfernt.\" \/>\n<meta property=\"og:url\" content=\"https:\/\/www.trypportocentro.com\/de\/umweltpolitik\/\" \/>\n<meta property=\"og:site_name\" content=\"Tryp Porto Centro\" \/>\n<meta property=\"article:publisher\" content=\"https:\/\/www.facebook.com\/TRYPPortoCentro\/\" \/>\n<meta property=\"article:modified_time\" content=\"2025-01-14T15:30:40+00:00\" \/>\n<meta property=\"og:image\" content=\"https:\/\/www.trypportocentro.com\/wp-content\/uploads\/sites\/11\/2024\/09\/TRYP_Porto_Centro_Ope.jpg\" \/>\n\t<meta property=\"og:image:width\" content=\"1200\" \/>\n\t<meta property=\"og:image:height\" content=\"630\" \/>\n\t<meta property=\"og:image:type\" content=\"image\/jpeg\" \/>\n<meta name=\"twitter:card\" content=\"summary_large_image\" \/>\n<meta name=\"twitter:label1\" content=\"Gesch\u00e4tzte Lesezeit\" \/>\n\t<meta name=\"twitter:data1\" content=\"2\u00a0Minuten\" \/>\n<script type=\"application\/ld+json\" class=\"yoast-schema-graph\">{\"@context\":\"https:\/\/schema.org\",\"@graph\":[{\"@type\":\"WebPage\",\"@id\":\"https:\/\/www.trypportocentro.com\/de\/umweltpolitik\/\",\"url\":\"https:\/\/www.trypportocentro.com\/de\/umweltpolitik\/\",\"name\":\"Umweltpolitik - Tryp Porto Centro\",\"isPartOf\":{\"@id\":\"https:\/\/www.trypportocentro.com\/de\/#website\"},\"datePublished\":\"2024-03-28T16:28:22+00:00\",\"dateModified\":\"2025-01-14T15:30:40+00:00\",\"description\":\"Das Hotel TRYP Porto Centro befindet sich im historischen Stadtzentrum, nur wenige Minuten von den ikonischen Sehensw\u00fcrdigkeiten Portos entfernt.\",\"breadcrumb\":{\"@id\":\"https:\/\/www.trypportocentro.com\/de\/umweltpolitik\/#breadcrumb\"},\"inLanguage\":\"de\",\"potentialAction\":[{\"@type\":\"ReadAction\",\"target\":[\"https:\/\/www.trypportocentro.com\/de\/umweltpolitik\/\"]}]},{\"@type\":\"BreadcrumbList\",\"@id\":\"https:\/\/www.trypportocentro.com\/de\/umweltpolitik\/#breadcrumb\",\"itemListElement\":[{\"@type\":\"ListItem\",\"position\":1,\"name\":\"In\u00edcio\",\"item\":\"https:\/\/www.trypportocentro.com\/de\/\"},{\"@type\":\"ListItem\",\"position\":2,\"name\":\"Umweltpolitik\"}]},{\"@type\":\"WebSite\",\"@id\":\"https:\/\/www.trypportocentro.com\/de\/#website\",\"url\":\"https:\/\/www.trypportocentro.com\/de\/\",\"name\":\"TRYP Porto Centro\",\"description\":\"4-Sterne-Hotel im Zentrum von Porto\",\"publisher\":{\"@id\":\"https:\/\/www.trypportocentro.com\/de\/#organization\"},\"alternateName\":\"TRYP Porto Centro\",\"potentialAction\":[{\"@type\":\"SearchAction\",\"target\":{\"@type\":\"EntryPoint\",\"urlTemplate\":\"https:\/\/www.trypportocentro.com\/de\/?s={search_term_string}\"},\"query-input\":{\"@type\":\"PropertyValueSpecification\",\"valueRequired\":true,\"valueName\":\"search_term_string\"}}],\"inLanguage\":\"de\"},{\"@type\":\"Organization\",\"@id\":\"https:\/\/www.trypportocentro.com\/de\/#organization\",\"name\":\"Tryp Porto Centro\",\"alternateName\":\"Tryp Porto Centro\",\"url\":\"https:\/\/www.trypportocentro.com\/de\/\",\"logo\":{\"@type\":\"ImageObject\",\"inLanguage\":\"de\",\"@id\":\"https:\/\/www.trypportocentro.com\/de\/#\/schema\/logo\/image\/\",\"url\":\"https:\/\/www.trypportocentro.com\/wp-content\/uploads\/sites\/11\/2025\/12\/TrypPortoCentro_Logo.png\",\"contentUrl\":\"https:\/\/www.trypportocentro.com\/wp-content\/uploads\/sites\/11\/2025\/12\/TrypPortoCentro_Logo.png\",\"width\":182,\"height\":90,\"caption\":\"Tryp Porto Centro\"},\"image\":{\"@id\":\"https:\/\/www.trypportocentro.com\/de\/#\/schema\/logo\/image\/\"},\"sameAs\":[\"https:\/\/www.facebook.com\/TRYPPortoCentro\/\",\"https:\/\/www.linkedin.com\/company\/hoti-hoteis\/\",\"https:\/\/www.tripadvisor.pt\/UserReviewEdit-g189180-d523920-TRYP_by_Wyndham_Porto_Centro_Hotel-Porto_Porto_District_Northern_Portugal.html\"]}]}<\/script>\n<!-- \/ Yoast SEO plugin. -->","yoast_head_json":{"title":"Umweltpolitik - Tryp Porto Centro","description":"Das Hotel TRYP Porto Centro befindet sich im historischen Stadtzentrum, nur wenige Minuten von den ikonischen Sehensw\u00fcrdigkeiten Portos entfernt.","robots":{"index":"index","follow":"follow","max-snippet":"max-snippet:-1","max-image-preview":"max-image-preview:large","max-video-preview":"max-video-preview:-1"},"canonical":"https:\/\/www.trypportocentro.com\/de\/umweltpolitik\/","og_locale":"de_DE","og_type":"article","og_title":"Umweltpolitik - Tryp Porto Centro","og_description":"Das Hotel TRYP Porto Centro befindet sich im historischen Stadtzentrum, nur wenige Minuten von den ikonischen Sehensw\u00fcrdigkeiten Portos entfernt.","og_url":"https:\/\/www.trypportocentro.com\/de\/umweltpolitik\/","og_site_name":"Tryp Porto Centro","article_publisher":"https:\/\/www.facebook.com\/TRYPPortoCentro\/","article_modified_time":"2025-01-14T15:30:40+00:00","og_image":[{"width":1200,"height":630,"url":"https:\/\/www.trypportocentro.com\/wp-content\/uploads\/sites\/11\/2024\/09\/TRYP_Porto_Centro_Ope.jpg","type":"image\/jpeg"}],"twitter_card":"summary_large_image","twitter_misc":{"Gesch\u00e4tzte Lesezeit":"2\u00a0Minuten"},"schema":{"@context":"https:\/\/schema.org","@graph":[{"@type":"WebPage","@id":"https:\/\/www.trypportocentro.com\/de\/umweltpolitik\/","url":"https:\/\/www.trypportocentro.com\/de\/umweltpolitik\/","name":"Umweltpolitik - Tryp Porto Centro","isPartOf":{"@id":"https:\/\/www.trypportocentro.com\/de\/#website"},"datePublished":"2024-03-28T16:28:22+00:00","dateModified":"2025-01-14T15:30:40+00:00","description":"Das Hotel TRYP Porto Centro befindet sich im historischen Stadtzentrum, nur wenige Minuten von den ikonischen Sehensw\u00fcrdigkeiten Portos entfernt.","breadcrumb":{"@id":"https:\/\/www.trypportocentro.com\/de\/umweltpolitik\/#breadcrumb"},"inLanguage":"de","potentialAction":[{"@type":"ReadAction","target":["https:\/\/www.trypportocentro.com\/de\/umweltpolitik\/"]}]},{"@type":"BreadcrumbList","@id":"https:\/\/www.trypportocentro.com\/de\/umweltpolitik\/#breadcrumb","itemListElement":[{"@type":"ListItem","position":1,"name":"In\u00edcio","item":"https:\/\/www.trypportocentro.com\/de\/"},{"@type":"ListItem","position":2,"name":"Umweltpolitik"}]},{"@type":"WebSite","@id":"https:\/\/www.trypportocentro.com\/de\/#website","url":"https:\/\/www.trypportocentro.com\/de\/","name":"TRYP Porto Centro","description":"4-Sterne-Hotel im Zentrum von Porto","publisher":{"@id":"https:\/\/www.trypportocentro.com\/de\/#organization"},"alternateName":"TRYP Porto Centro","potentialAction":[{"@type":"SearchAction","target":{"@type":"EntryPoint","urlTemplate":"https:\/\/www.trypportocentro.com\/de\/?s={search_term_string}"},"query-input":{"@type":"PropertyValueSpecification","valueRequired":true,"valueName":"search_term_string"}}],"inLanguage":"de"},{"@type":"Organization","@id":"https:\/\/www.trypportocentro.com\/de\/#organization","name":"Tryp Porto Centro","alternateName":"Tryp Porto Centro","url":"https:\/\/www.trypportocentro.com\/de\/","logo":{"@type":"ImageObject","inLanguage":"de","@id":"https:\/\/www.trypportocentro.com\/de\/#\/schema\/logo\/image\/","url":"https:\/\/www.trypportocentro.com\/wp-content\/uploads\/sites\/11\/2025\/12\/TrypPortoCentro_Logo.png","contentUrl":"https:\/\/www.trypportocentro.com\/wp-content\/uploads\/sites\/11\/2025\/12\/TrypPortoCentro_Logo.png","width":182,"height":90,"caption":"Tryp Porto Centro"},"image":{"@id":"https:\/\/www.trypportocentro.com\/de\/#\/schema\/logo\/image\/"},"sameAs":["https:\/\/www.facebook.com\/TRYPPortoCentro\/","https:\/\/www.linkedin.com\/company\/hoti-hoteis\/","https:\/\/www.tripadvisor.pt\/UserReviewEdit-g189180-d523920-TRYP_by_Wyndham_Porto_Centro_Hotel-Porto_Porto_District_Northern_Portugal.html"]}]}},"_links":{"self":[{"href":"https:\/\/www.trypportocentro.com\/de\/wp-json\/wp\/v2\/pages\/14577","targetHints":{"allow":["GET"]}}],"collection":[{"href":"https:\/\/www.trypportocentro.com\/de\/wp-json\/wp\/v2\/pages"}],"about":[{"href":"https:\/\/www.trypportocentro.com\/de\/wp-json\/wp\/v2\/types\/page"}],"author":[{"embeddable":true,"href":"https:\/\/www.trypportocentro.com\/de\/wp-json\/wp\/v2\/users\/1"}],"replies":[{"embeddable":true,"href":"https:\/\/www.trypportocentro.com\/de\/wp-json\/wp\/v2\/comments?post=14577"}],"version-history":[{"count":10,"href":"https:\/\/www.trypportocentro.com\/de\/wp-json\/wp\/v2\/pages\/14577\/revisions"}],"predecessor-version":[{"id":17017,"href":"https:\/\/www.trypportocentro.com\/de\/wp-json\/wp\/v2\/pages\/14577\/revisions\/17017"}],"wp:attachment":[{"href":"https:\/\/www.trypportocentro.com\/de\/wp-json\/wp\/v2\/media?parent=14577"}],"curies":[{"name":"wp","href":"https:\/\/api.w.org\/{rel}","templated":true}]}}