{"id":14578,"date":"2024-03-28T16:28:22","date_gmt":"2024-03-28T16:28:22","guid":{"rendered":"https:\/\/portocentro.hoti.shareit.pt\/politica-ambiental\/"},"modified":"2025-01-14T17:15:48","modified_gmt":"2025-01-14T17:15:48","slug":"politica-ambiental","status":"publish","type":"page","link":"https:\/\/www.trypportocentro.com\/es\/politica-ambiental\/","title":{"rendered":"Polit\u00edca Ambiental"},"content":{"rendered":"\t\t<div data-elementor-type=\"wp-page\" data-elementor-id=\"14578\" class=\"elementor elementor-14578 elementor-14211\" data-elementor-post-type=\"page\">\n\t\t\t\t<section class=\"elementor-element elementor-element-9d18320 e-con-full e-flex e-con e-parent\" data-id=\"9d18320\" data-element_type=\"container\" data-settings=\"{&quot;background_background&quot;:&quot;classic&quot;}\">\n\t\t<div class=\"elementor-element elementor-element-edc3c07 e-con-full e-flex e-con e-child\" data-id=\"edc3c07\" data-element_type=\"container\">\n\t\t\t\t<div class=\"elementor-element elementor-element-0517a6e elementor-widget elementor-widget-heading\" data-id=\"0517a6e\" data-element_type=\"widget\" data-widget_type=\"heading.default\">\n\t\t\t\t<div class=\"elementor-widget-container\">\n\t\t\t\t\t<h1 class=\"elementor-heading-title elementor-size-default\">POLIT\u00cdCA\u200b<\/h1>\t\t\t\t<\/div>\n\t\t\t\t<\/div>\n\t\t\t\t<div class=\"elementor-element elementor-element-14f695f elementor-widget elementor-widget-heading\" data-id=\"14f695f\" data-element_type=\"widget\" data-widget_type=\"heading.default\">\n\t\t\t\t<div class=\"elementor-widget-container\">\n\t\t\t\t\t<h2 class=\"elementor-heading-title elementor-size-default\">AMBIENTAL\u200b<\/h2>\t\t\t\t<\/div>\n\t\t\t\t<\/div>\n\t\t\t\t<\/div>\n\t\t\t\t<\/section>\n\t\t<section class=\"elementor-element elementor-element-8e7a29a e-con-full e-flex e-con e-parent\" data-id=\"8e7a29a\" data-element_type=\"container\">\n\t\t\t\t<div class=\"elementor-element elementor-element-5428f0b elementor-widget elementor-widget-text-editor\" data-id=\"5428f0b\" data-element_type=\"widget\" data-widget_type=\"text-editor.default\">\n\t\t\t\t<div class=\"elementor-widget-container\">\n\t\t\t\t\t\t\t\t\t<p>El hotel <strong>Tryp Porto Centro<\/strong> es consciente de la importancia de una gesti\u00f3n responsable y sostenible en el desarrollo de la actividad hotelera. Bajo estas directrices, nos comprometemos a desarrollar y adoptar buenas pr\u00e1cticas destinadas a minimizar el impacto ambiental de nuestros servicios, preservar los recursos naturales, la eficiencia energ\u00e9tica y construir un futuro sostenible en el sector tur\u00edstico. Para ello, <strong>Tryp Porto Centro<\/strong> establece esta pol\u00edtica en los siguientes t\u00e9rminos:<\/p>\t\t\t\t\t\t\t\t<\/div>\n\t\t\t\t<\/div>\n\t\t\t\t<\/section>\n\t\t<section class=\"elementor-element elementor-element-540cb73 e-con-full e-flex e-con e-parent\" data-id=\"540cb73\" data-element_type=\"container\">\n\t\t<div class=\"elementor-element elementor-element-e3e1f7c e-con-full e-flex e-con e-child\" data-id=\"e3e1f7c\" data-element_type=\"container\" data-settings=\"{&quot;background_background&quot;:&quot;classic&quot;}\">\n\t\t\t\t<div class=\"elementor-element elementor-element-917d9c4 elementor-widget elementor-widget-spacer\" data-id=\"917d9c4\" data-element_type=\"widget\" data-widget_type=\"spacer.default\">\n\t\t\t\t<div class=\"elementor-widget-container\">\n\t\t\t\t\t\t\t<div class=\"elementor-spacer\">\n\t\t\t<div class=\"elementor-spacer-inner\"><\/div>\n\t\t<\/div>\n\t\t\t\t\t\t<\/div>\n\t\t\t\t<\/div>\n\t\t\t\t<\/div>\n\t\t<div class=\"elementor-element elementor-element-75fb5c0 e-con-full e-flex e-con e-child\" data-id=\"75fb5c0\" data-element_type=\"container\">\n\t\t<div class=\"elementor-element elementor-element-5fdd577 e-con-full e-flex e-con e-child\" data-id=\"5fdd577\" data-element_type=\"container\">\n\t\t\t\t<div class=\"elementor-element elementor-element-ca4faff elementor-widget elementor-widget-text-editor\" data-id=\"ca4faff\" data-element_type=\"widget\" data-widget_type=\"text-editor.default\">\n\t\t\t\t<div class=\"elementor-widget-container\">\n\t\t\t\t\t\t\t\t\t<p>Cumplir los requisitos legales y ambientales aplicables a su actividad, evaluando peri\u00f3dicamente sus impactos.<\/p><p>Promover la sensibilizaci\u00f3n y formaci\u00f3n ambiental entre los empleados para implicarles y formarles en buenas pr\u00e1cticas ambientales.<\/p><p>Cooperar y promover la comunicaci\u00f3n con organismos y asociaciones gubernamentales y externas.<\/p>\t\t\t\t\t\t\t\t<\/div>\n\t\t\t\t<\/div>\n\t\t\t\t<\/div>\n\t\t\t\t<\/div>\n\t\t\t\t<\/section>\n\t\t<section class=\"elementor-element elementor-element-9dc22db e-con-full e-flex e-con e-parent\" data-id=\"9dc22db\" data-element_type=\"container\">\n\t\t<div class=\"elementor-element elementor-element-a46bd43 e-con-full e-flex e-con e-child\" data-id=\"a46bd43\" data-element_type=\"container\">\n\t\t<div class=\"elementor-element elementor-element-fed2038 e-con-full e-flex e-con e-child\" data-id=\"fed2038\" data-element_type=\"container\">\n\t\t\t\t<div class=\"elementor-element elementor-element-c457ae0 elementor-widget__width-initial elementor-widget elementor-widget-text-editor\" data-id=\"c457ae0\" data-element_type=\"widget\" data-widget_type=\"text-editor.default\">\n\t\t\t\t<div class=\"elementor-widget-container\">\n\t\t\t\t\t\t\t\t\t<p>Fomentar la implicaci\u00f3n de los proveedores en cuestiones de buenas pr\u00e1cticas medioambientales con vistas a mejorar el rendimiento en este \u00e1mbito y el de toda la operaci\u00f3n implicada.<\/p><p>Reducir y controlar el consumo de energ\u00eda y materias primas.<\/p><p>Adoptar una actitud de mejora continua en la prevenci\u00f3n de la contaminaci\u00f3n.<\/p><p>Consolidar la conquista de clientes dispuestos a aprovechar los servicios ofrecidos por la empresa, con un alto nivel de calidad.<\/p>\t\t\t\t\t\t\t\t<\/div>\n\t\t\t\t<\/div>\n\t\t\t\t<\/div>\n\t\t\t\t<\/div>\n\t\t<div class=\"elementor-element elementor-element-a89ee97 e-con-full e-flex e-con e-child\" data-id=\"a89ee97\" data-element_type=\"container\" data-settings=\"{&quot;background_background&quot;:&quot;classic&quot;}\">\n\t\t\t\t<div class=\"elementor-element elementor-element-f749091 elementor-widget elementor-widget-spacer\" data-id=\"f749091\" data-element_type=\"widget\" data-widget_type=\"spacer.default\">\n\t\t\t\t<div class=\"elementor-widget-container\">\n\t\t\t\t\t\t\t<div class=\"elementor-spacer\">\n\t\t\t<div class=\"elementor-spacer-inner\"><\/div>\n\t\t<\/div>\n\t\t\t\t\t\t<\/div>\n\t\t\t\t<\/div>\n\t\t\t\t<\/div>\n\t\t\t\t<\/section>\n\t\t<section class=\"elementor-element elementor-element-7b5907c e-con-full e-flex e-con e-parent\" data-id=\"7b5907c\" data-element_type=\"container\">\n\t\t\t\t<div class=\"elementor-element elementor-element-77a4f60 elementor-widget elementor-widget-text-editor\" data-id=\"77a4f60\" data-element_type=\"widget\" data-widget_type=\"text-editor.default\">\n\t\t\t\t<div class=\"elementor-widget-container\">\n\t\t\t\t\t\t\t\t\t<p>Teniendo en cuenta estos principios, adem\u00e1s de proporcionar los recursos necesarios y adecuados, incluyendo la apuesta por recursos humanos especializados, con formaci\u00f3n peri\u00f3dica y equipos tecnol\u00f3gicamente avanzados, el Tryp Porto Centro always seeks to fully satisfy the needs and expectations of its customers.<br \/>busca siempre satisfacer plenamente las necesidades y expectativas de sus clientes.<\/p>\t\t\t\t\t\t\t\t<\/div>\n\t\t\t\t<\/div>\n\t\t\t\t<\/section>\n\t\t\t\t<\/div>\n\t\t","protected":false},"excerpt":{"rendered":"<p>POLIT\u00cdCA\u200b AMBIENTAL\u200b El hotel Tryp Porto Centro es consciente de la importancia de una gesti\u00f3n responsable y sostenible en el desarrollo de la actividad hotelera. Bajo estas directrices, nos comprometemos a desarrollar y adoptar buenas pr\u00e1cticas destinadas a minimizar el impacto ambiental de nuestros servicios, preservar los recursos naturales, la eficiencia energ\u00e9tica y construir un [&hellip;]<\/p>\n","protected":false},"author":1,"featured_media":0,"parent":0,"menu_order":0,"comment_status":"closed","ping_status":"closed","template":"","meta":{"_acf_changed":false,"footnotes":""},"class_list":["post-14578","page","type-page","status-publish","hentry"],"acf":[],"yoast_head":"<!-- This site is optimized with the Yoast SEO plugin v24.5 - https:\/\/yoast.com\/wordpress\/plugins\/seo\/ -->\n<title>Polit\u00edca Ambiental - Tryp Porto Centro<\/title>\n<meta name=\"description\" content=\"El hotel TRYP Porto Centro est\u00e1 situado en el centro hist\u00f3rico de la ciudad, a s\u00f3lo unos minutos de lugares emblem\u00e1ticos de Porto.\" \/>\n<meta name=\"robots\" content=\"index, follow, max-snippet:-1, max-image-preview:large, max-video-preview:-1\" \/>\n<link rel=\"canonical\" href=\"https:\/\/www.trypportocentro.com\/es\/politica-ambiental\/\" \/>\n<meta property=\"og:locale\" content=\"es_ES\" \/>\n<meta property=\"og:type\" content=\"article\" \/>\n<meta property=\"og:title\" content=\"Polit\u00edca Ambiental - Tryp Porto Centro\" \/>\n<meta property=\"og:description\" content=\"El hotel TRYP Porto Centro est\u00e1 situado en el centro hist\u00f3rico de la ciudad, a s\u00f3lo unos minutos de lugares emblem\u00e1ticos de Porto.\" \/>\n<meta property=\"og:url\" content=\"https:\/\/www.trypportocentro.com\/es\/politica-ambiental\/\" \/>\n<meta property=\"og:site_name\" content=\"Tryp Porto Centro\" \/>\n<meta property=\"article:publisher\" content=\"https:\/\/www.facebook.com\/TRYPPortoCentro\/\" \/>\n<meta property=\"article:modified_time\" content=\"2025-01-14T17:15:48+00:00\" \/>\n<meta property=\"og:image\" content=\"https:\/\/www.trypportocentro.com\/wp-content\/uploads\/sites\/11\/2024\/09\/TRYP_Porto_Centro_Ope.jpg\" \/>\n\t<meta property=\"og:image:width\" content=\"1200\" \/>\n\t<meta property=\"og:image:height\" content=\"630\" \/>\n\t<meta property=\"og:image:type\" content=\"image\/jpeg\" \/>\n<meta name=\"twitter:card\" content=\"summary_large_image\" \/>\n<meta name=\"twitter:label1\" content=\"Tiempo de lectura\" \/>\n\t<meta name=\"twitter:data1\" content=\"2 minutos\" \/>\n<script type=\"application\/ld+json\" class=\"yoast-schema-graph\">{\"@context\":\"https:\/\/schema.org\",\"@graph\":[{\"@type\":\"WebPage\",\"@id\":\"https:\/\/www.trypportocentro.com\/es\/politica-ambiental\/\",\"url\":\"https:\/\/www.trypportocentro.com\/es\/politica-ambiental\/\",\"name\":\"Polit\u00edca Ambiental - Tryp Porto Centro\",\"isPartOf\":{\"@id\":\"https:\/\/www.trypportocentro.com\/es\/#website\"},\"datePublished\":\"2024-03-28T16:28:22+00:00\",\"dateModified\":\"2025-01-14T17:15:48+00:00\",\"description\":\"El hotel TRYP Porto Centro est\u00e1 situado en el centro hist\u00f3rico de la ciudad, a s\u00f3lo unos minutos de lugares emblem\u00e1ticos de Porto.\",\"breadcrumb\":{\"@id\":\"https:\/\/www.trypportocentro.com\/es\/politica-ambiental\/#breadcrumb\"},\"inLanguage\":\"es\",\"potentialAction\":[{\"@type\":\"ReadAction\",\"target\":[\"https:\/\/www.trypportocentro.com\/es\/politica-ambiental\/\"]}]},{\"@type\":\"BreadcrumbList\",\"@id\":\"https:\/\/www.trypportocentro.com\/es\/politica-ambiental\/#breadcrumb\",\"itemListElement\":[{\"@type\":\"ListItem\",\"position\":1,\"name\":\"In\u00edcio\",\"item\":\"https:\/\/www.trypportocentro.com\/es\/\"},{\"@type\":\"ListItem\",\"position\":2,\"name\":\"Polit\u00edca Ambiental\"}]},{\"@type\":\"WebSite\",\"@id\":\"https:\/\/www.trypportocentro.com\/es\/#website\",\"url\":\"https:\/\/www.trypportocentro.com\/es\/\",\"name\":\"TRYP Porto Centro\",\"description\":\"Hotel de 4 Estrelas no centro do Porto\",\"publisher\":{\"@id\":\"https:\/\/www.trypportocentro.com\/es\/#organization\"},\"alternateName\":\"TRYP Porto Centro\",\"potentialAction\":[{\"@type\":\"SearchAction\",\"target\":{\"@type\":\"EntryPoint\",\"urlTemplate\":\"https:\/\/www.trypportocentro.com\/es\/?s={search_term_string}\"},\"query-input\":{\"@type\":\"PropertyValueSpecification\",\"valueRequired\":true,\"valueName\":\"search_term_string\"}}],\"inLanguage\":\"es\"},{\"@type\":\"Organization\",\"@id\":\"https:\/\/www.trypportocentro.com\/es\/#organization\",\"name\":\"Tryp Porto Centro\",\"alternateName\":\"Tryp Porto Centro\",\"url\":\"https:\/\/www.trypportocentro.com\/es\/\",\"logo\":{\"@type\":\"ImageObject\",\"inLanguage\":\"es\",\"@id\":\"https:\/\/www.trypportocentro.com\/es\/#\/schema\/logo\/image\/\",\"url\":\"https:\/\/www.trypportocentro.com\/wp-content\/uploads\/sites\/11\/2025\/12\/TrypPortoCentro_Logo.png\",\"contentUrl\":\"https:\/\/www.trypportocentro.com\/wp-content\/uploads\/sites\/11\/2025\/12\/TrypPortoCentro_Logo.png\",\"width\":182,\"height\":90,\"caption\":\"Tryp Porto Centro\"},\"image\":{\"@id\":\"https:\/\/www.trypportocentro.com\/es\/#\/schema\/logo\/image\/\"},\"sameAs\":[\"https:\/\/www.facebook.com\/TRYPPortoCentro\/\",\"https:\/\/www.linkedin.com\/company\/hoti-hoteis\/\",\"https:\/\/www.tripadvisor.pt\/UserReviewEdit-g189180-d523920-TRYP_by_Wyndham_Porto_Centro_Hotel-Porto_Porto_District_Northern_Portugal.html\"]}]}<\/script>\n<!-- \/ Yoast SEO plugin. -->","yoast_head_json":{"title":"Polit\u00edca Ambiental - Tryp Porto Centro","description":"El hotel TRYP Porto Centro est\u00e1 situado en el centro hist\u00f3rico de la ciudad, a s\u00f3lo unos minutos de lugares emblem\u00e1ticos de Porto.","robots":{"index":"index","follow":"follow","max-snippet":"max-snippet:-1","max-image-preview":"max-image-preview:large","max-video-preview":"max-video-preview:-1"},"canonical":"https:\/\/www.trypportocentro.com\/es\/politica-ambiental\/","og_locale":"es_ES","og_type":"article","og_title":"Polit\u00edca Ambiental - Tryp Porto Centro","og_description":"El hotel TRYP Porto Centro est\u00e1 situado en el centro hist\u00f3rico de la ciudad, a s\u00f3lo unos minutos de lugares emblem\u00e1ticos de Porto.","og_url":"https:\/\/www.trypportocentro.com\/es\/politica-ambiental\/","og_site_name":"Tryp Porto Centro","article_publisher":"https:\/\/www.facebook.com\/TRYPPortoCentro\/","article_modified_time":"2025-01-14T17:15:48+00:00","og_image":[{"width":1200,"height":630,"url":"https:\/\/www.trypportocentro.com\/wp-content\/uploads\/sites\/11\/2024\/09\/TRYP_Porto_Centro_Ope.jpg","type":"image\/jpeg"}],"twitter_card":"summary_large_image","twitter_misc":{"Tiempo de lectura":"2 minutos"},"schema":{"@context":"https:\/\/schema.org","@graph":[{"@type":"WebPage","@id":"https:\/\/www.trypportocentro.com\/es\/politica-ambiental\/","url":"https:\/\/www.trypportocentro.com\/es\/politica-ambiental\/","name":"Polit\u00edca Ambiental - Tryp Porto Centro","isPartOf":{"@id":"https:\/\/www.trypportocentro.com\/es\/#website"},"datePublished":"2024-03-28T16:28:22+00:00","dateModified":"2025-01-14T17:15:48+00:00","description":"El hotel TRYP Porto Centro est\u00e1 situado en el centro hist\u00f3rico de la ciudad, a s\u00f3lo unos minutos de lugares emblem\u00e1ticos de Porto.","breadcrumb":{"@id":"https:\/\/www.trypportocentro.com\/es\/politica-ambiental\/#breadcrumb"},"inLanguage":"es","potentialAction":[{"@type":"ReadAction","target":["https:\/\/www.trypportocentro.com\/es\/politica-ambiental\/"]}]},{"@type":"BreadcrumbList","@id":"https:\/\/www.trypportocentro.com\/es\/politica-ambiental\/#breadcrumb","itemListElement":[{"@type":"ListItem","position":1,"name":"In\u00edcio","item":"https:\/\/www.trypportocentro.com\/es\/"},{"@type":"ListItem","position":2,"name":"Polit\u00edca Ambiental"}]},{"@type":"WebSite","@id":"https:\/\/www.trypportocentro.com\/es\/#website","url":"https:\/\/www.trypportocentro.com\/es\/","name":"TRYP Porto Centro","description":"Hotel de 4 Estrelas no centro do Porto","publisher":{"@id":"https:\/\/www.trypportocentro.com\/es\/#organization"},"alternateName":"TRYP Porto Centro","potentialAction":[{"@type":"SearchAction","target":{"@type":"EntryPoint","urlTemplate":"https:\/\/www.trypportocentro.com\/es\/?s={search_term_string}"},"query-input":{"@type":"PropertyValueSpecification","valueRequired":true,"valueName":"search_term_string"}}],"inLanguage":"es"},{"@type":"Organization","@id":"https:\/\/www.trypportocentro.com\/es\/#organization","name":"Tryp Porto Centro","alternateName":"Tryp Porto Centro","url":"https:\/\/www.trypportocentro.com\/es\/","logo":{"@type":"ImageObject","inLanguage":"es","@id":"https:\/\/www.trypportocentro.com\/es\/#\/schema\/logo\/image\/","url":"https:\/\/www.trypportocentro.com\/wp-content\/uploads\/sites\/11\/2025\/12\/TrypPortoCentro_Logo.png","contentUrl":"https:\/\/www.trypportocentro.com\/wp-content\/uploads\/sites\/11\/2025\/12\/TrypPortoCentro_Logo.png","width":182,"height":90,"caption":"Tryp Porto Centro"},"image":{"@id":"https:\/\/www.trypportocentro.com\/es\/#\/schema\/logo\/image\/"},"sameAs":["https:\/\/www.facebook.com\/TRYPPortoCentro\/","https:\/\/www.linkedin.com\/company\/hoti-hoteis\/","https:\/\/www.tripadvisor.pt\/UserReviewEdit-g189180-d523920-TRYP_by_Wyndham_Porto_Centro_Hotel-Porto_Porto_District_Northern_Portugal.html"]}]}},"_links":{"self":[{"href":"https:\/\/www.trypportocentro.com\/es\/wp-json\/wp\/v2\/pages\/14578","targetHints":{"allow":["GET"]}}],"collection":[{"href":"https:\/\/www.trypportocentro.com\/es\/wp-json\/wp\/v2\/pages"}],"about":[{"href":"https:\/\/www.trypportocentro.com\/es\/wp-json\/wp\/v2\/types\/page"}],"author":[{"embeddable":true,"href":"https:\/\/www.trypportocentro.com\/es\/wp-json\/wp\/v2\/users\/1"}],"replies":[{"embeddable":true,"href":"https:\/\/www.trypportocentro.com\/es\/wp-json\/wp\/v2\/comments?post=14578"}],"version-history":[{"count":10,"href":"https:\/\/www.trypportocentro.com\/es\/wp-json\/wp\/v2\/pages\/14578\/revisions"}],"predecessor-version":[{"id":17246,"href":"https:\/\/www.trypportocentro.com\/es\/wp-json\/wp\/v2\/pages\/14578\/revisions\/17246"}],"wp:attachment":[{"href":"https:\/\/www.trypportocentro.com\/es\/wp-json\/wp\/v2\/media?parent=14578"}],"curies":[{"name":"wp","href":"https:\/\/api.w.org\/{rel}","templated":true}]}}