{"id":7031,"date":"2023-12-19T12:17:38","date_gmt":"2023-12-19T12:17:38","guid":{"rendered":"https:\/\/basetryp.tryplisboacaparica.com\/lisboa-caparica\/"},"modified":"2025-01-14T15:46:31","modified_gmt":"2025-01-14T15:46:31","slug":"porto","status":"publish","type":"page","link":"https:\/\/www.trypportocentro.com\/es\/porto\/","title":{"rendered":"Porto"},"content":{"rendered":"\t\t<div data-elementor-type=\"wp-page\" data-elementor-id=\"7031\" class=\"elementor elementor-7031 elementor-1997\" data-elementor-post-type=\"page\">\n\t\t\t\t<section class=\"elementor-element elementor-element-9d18320 e-con-full e-flex e-con e-parent\" data-id=\"9d18320\" data-element_type=\"container\" data-settings=\"{&quot;background_background&quot;:&quot;classic&quot;}\">\n\t\t<div class=\"elementor-element elementor-element-edc3c07 e-con-full e-flex e-con e-child\" data-id=\"edc3c07\" data-element_type=\"container\">\n\t\t\t\t<div class=\"elementor-element elementor-element-14f695f elementor-widget elementor-widget-heading\" data-id=\"14f695f\" data-element_type=\"widget\" data-widget_type=\"heading.default\">\n\t\t\t\t<div class=\"elementor-widget-container\">\n\t\t\t\t\t<h1 class=\"elementor-heading-title elementor-size-default\">Porto<\/h1>\t\t\t\t<\/div>\n\t\t\t\t<\/div>\n\t\t\t\t<\/div>\n\t\t\t\t<\/section>\n\t\t<section class=\"elementor-element elementor-element-8e7a29a e-con-full e-flex e-con e-parent\" data-id=\"8e7a29a\" data-element_type=\"container\">\n\t\t\t\t<div class=\"elementor-element elementor-element-5428f0b elementor-widget elementor-widget-text-editor\" data-id=\"5428f0b\" data-element_type=\"widget\" data-widget_type=\"text-editor.default\">\n\t\t\t\t<div class=\"elementor-widget-container\">\n\t\t\t\t\t\t\t\t\t<div class=\"ewa-rteLine\">Porto, majestuosa ciudad a orillas del r\u00edo Douro, hechiza con su historia y su vibrante cultura. Explore callejuelas que revelan tesoros arquitect\u00f3nicos como el emblem\u00e1tico puente Dom Lu\u00eds I y la imponente S\u00e9 do Porto. Pasee por barrios pintorescos como Ribeira, con sus coloridas casas y animados bares. Saboree la cocina local en tabernas tradicionales y pruebe los famosos vinos de Oporto en bodegas junto al r\u00edo. Disfrute de las impresionantes vistas de esta ciudad y d\u00e9jese envolver por el acogedor ambiente que cautiva a todos los visitantes.<\/div>\t\t\t\t\t\t\t\t<\/div>\n\t\t\t\t<\/div>\n\t\t\t\t<\/section>\n\t\t<div class=\"elementor-element elementor-element-484e8bf e-con-full e-flex e-con e-parent\" data-id=\"484e8bf\" data-element_type=\"container\">\n\t\t\t\t<div class=\"elementor-element elementor-element-5b88a1e elementor-widget elementor-widget-heading\" data-id=\"5b88a1e\" data-element_type=\"widget\" data-widget_type=\"heading.default\">\n\t\t\t\t<div class=\"elementor-widget-container\">\n\t\t\t\t\t<h5 class=\"elementor-heading-title elementor-size-default\">Galer\u00eda de im\u00e1genes<\/h5>\t\t\t\t<\/div>\n\t\t\t\t<\/div>\n\t\t\t\t<div class=\"elementor-element elementor-element-33fcce4 elementor-skin-carousel elementor-arrows-yes elementor-pagination-type-bullets elementor-pagination-position-outside elementor-widget elementor-widget-hoti-gallery-slider\" data-id=\"33fcce4\" data-element_type=\"widget\" data-settings=\"{&quot;slides_per_view&quot;:&quot;3&quot;,&quot;skin&quot;:&quot;carousel&quot;,&quot;effect&quot;:&quot;slide&quot;,&quot;show_arrows&quot;:&quot;yes&quot;,&quot;pagination&quot;:&quot;bullets&quot;,&quot;speed&quot;:500,&quot;autoplay&quot;:&quot;yes&quot;,&quot;autoplay_speed&quot;:5000,&quot;pause_on_hover&quot;:&quot;yes&quot;,&quot;pause_on_interaction&quot;:&quot;yes&quot;,&quot;space_between&quot;:{&quot;unit&quot;:&quot;px&quot;,&quot;size&quot;:10,&quot;sizes&quot;:[]},&quot;space_between_tablet_extra&quot;:{&quot;unit&quot;:&quot;px&quot;,&quot;size&quot;:10,&quot;sizes&quot;:[]},&quot;space_between_tablet&quot;:{&quot;unit&quot;:&quot;px&quot;,&quot;size&quot;:10,&quot;sizes&quot;:[]},&quot;space_between_mobile_extra&quot;:{&quot;unit&quot;:&quot;px&quot;,&quot;size&quot;:10,&quot;sizes&quot;:[]},&quot;space_between_mobile&quot;:{&quot;unit&quot;:&quot;px&quot;,&quot;size&quot;:10,&quot;sizes&quot;:[]}}\" data-widget_type=\"hoti-gallery-slider.default\">\n\t\t\t\t<div class=\"elementor-widget-container\">\n\t\t\t\t\t\t\t\t\t<div class=\"elementor-swiper\">\n\t\t\t\t\t<div class=\"elementor-main-swiper swiper\" role=\"region\" aria-roledescription=\"carousel\" aria-label=\"Diapositivas\">\n\t\t\t\t<div class=\"swiper-wrapper\">\n\t\t\t\t\t\t\t\t\t\t\t<div class=\"swiper-slide\" role=\"group\" aria-roledescription=\"slide\">\n\t\t\t\t\t\t\t\t\t<div class=\"elementor-carousel-image landscape\" role=\"img\" aria-label=\"Tryp_Porto_Centro_Oporto_1\" style=\"background-image: url(&#039;https:\/\/www.trypportocentro.com\/wp-content\/uploads\/sites\/11\/2023\/11\/Tryp_Porto_Centro_Oporto_1.jpg&#039;)\">\r\n\r\n\t\t\t\r\n\t\t\t\t\t<\/div>\r\n\t\t\t\t\t\t\t\t<\/div>\n\t\t\t\t\t\t\t\t\t\t\t<div class=\"swiper-slide\" role=\"group\" aria-roledescription=\"slide\">\n\t\t\t\t\t\t\t\t\t<div class=\"elementor-carousel-image portrait\" role=\"img\" aria-label=\"Tryp_Porto_Centro_Oporto_2\" style=\"background-image: url(&#039;https:\/\/www.trypportocentro.com\/wp-content\/uploads\/sites\/11\/2023\/11\/Tryp_Porto_Centro_Oporto_2.jpg&#039;)\">\r\n\r\n\t\t\t\r\n\t\t\t\t\t<\/div>\r\n\t\t\t\t\t\t\t\t<\/div>\n\t\t\t\t\t\t\t\t\t\t\t<div class=\"swiper-slide\" role=\"group\" aria-roledescription=\"slide\">\n\t\t\t\t\t\t\t\t\t<div class=\"elementor-carousel-image landscape\" role=\"img\" aria-label=\"Tryp_Porto_Centro_Oporto_3\" style=\"background-image: url(&#039;https:\/\/www.trypportocentro.com\/wp-content\/uploads\/sites\/11\/2023\/11\/Tryp_Porto_Centro_Oporto_3.jpg&#039;)\">\r\n\r\n\t\t\t\r\n\t\t\t\t\t<\/div>\r\n\t\t\t\t\t\t\t\t<\/div>\n\t\t\t\t\t\t\t\t\t\t\t<div class=\"swiper-slide\" role=\"group\" aria-roledescription=\"slide\">\n\t\t\t\t\t\t\t\t\t<div class=\"elementor-carousel-image portrait\" role=\"img\" aria-label=\"Tryp_Porto_Centro_Oporto_4\" style=\"background-image: url(&#039;https:\/\/www.trypportocentro.com\/wp-content\/uploads\/sites\/11\/2023\/11\/Tryp_Porto_Centro_Oporto_4.jpg&#039;)\">\r\n\r\n\t\t\t\r\n\t\t\t\t\t<\/div>\r\n\t\t\t\t\t\t\t\t<\/div>\n\t\t\t\t\t\t\t\t\t\t\t<div class=\"swiper-slide\" role=\"group\" aria-roledescription=\"slide\">\n\t\t\t\t\t\t\t\t\t<div class=\"elementor-carousel-image landscape\" role=\"img\" aria-label=\"Tryp_Porto_Centro_Oporto_5\" style=\"background-image: url(&#039;https:\/\/www.trypportocentro.com\/wp-content\/uploads\/sites\/11\/2023\/11\/Tryp_Porto_Centro_Oporto_5.jpg&#039;)\">\r\n\r\n\t\t\t\r\n\t\t\t\t\t<\/div>\r\n\t\t\t\t\t\t\t\t<\/div>\n\t\t\t\t\t\t\t\t\t\t\t<div class=\"swiper-slide\" role=\"group\" aria-roledescription=\"slide\">\n\t\t\t\t\t\t\t\t\t<div class=\"elementor-carousel-image landscape\" role=\"img\" aria-label=\"Tryp_Porto_Centro_Oporto_6\" style=\"background-image: url(&#039;https:\/\/www.trypportocentro.com\/wp-content\/uploads\/sites\/11\/2023\/11\/Tryp_Porto_Centro_Oporto_6.jpg&#039;)\">\r\n\r\n\t\t\t\r\n\t\t\t\t\t<\/div>\r\n\t\t\t\t\t\t\t\t<\/div>\n\t\t\t\t\t\t\t\t\t\t\t<div class=\"swiper-slide\" role=\"group\" aria-roledescription=\"slide\">\n\t\t\t\t\t\t\t\t\t<div class=\"elementor-carousel-image portrait\" role=\"img\" aria-label=\"Tryp_Porto_Centro_Entertenimento\" style=\"background-image: url(&#039;https:\/\/www.trypportocentro.com\/wp-content\/uploads\/sites\/11\/2024\/03\/Tryp_Porto_Centro_Entertenimento.jpg&#039;)\">\r\n\r\n\t\t\t\r\n\t\t\t\t\t<\/div>\r\n\t\t\t\t\t\t\t\t<\/div>\n\t\t\t\t\t\t\t\t\t\t\t<div class=\"swiper-slide\" role=\"group\" aria-roledescription=\"slide\">\n\t\t\t\t\t\t\t\t\t<div class=\"elementor-carousel-image landscape\" role=\"img\" aria-label=\"Tryp_Porto_Centro_Oporto_8\" style=\"background-image: url(&#039;https:\/\/www.trypportocentro.com\/wp-content\/uploads\/sites\/11\/2023\/11\/Tryp_Porto_Centro_Oporto_8.jpg&#039;)\">\r\n\r\n\t\t\t\r\n\t\t\t\t\t<\/div>\r\n\t\t\t\t\t\t\t\t<\/div>\n\t\t\t\t\t\t\t\t\t\t\t<div class=\"swiper-slide\" role=\"group\" aria-roledescription=\"slide\">\n\t\t\t\t\t\t\t\t\t<div class=\"elementor-carousel-image portrait\" role=\"img\" aria-label=\"Tryp_Porto_Centro_Oporto_9\" style=\"background-image: url(&#039;https:\/\/www.trypportocentro.com\/wp-content\/uploads\/sites\/11\/2023\/11\/Tryp_Porto_Centro_Oporto_9.jpg&#039;)\">\r\n\r\n\t\t\t\r\n\t\t\t\t\t<\/div>\r\n\t\t\t\t\t\t\t\t<\/div>\n\t\t\t\t\t\t\t\t\t\t\t<div class=\"swiper-slide\" role=\"group\" aria-roledescription=\"slide\">\n\t\t\t\t\t\t\t\t\t<div class=\"elementor-carousel-image landscape\" role=\"img\" aria-label=\"Tryp_Porto_Centro_Oporto_11\" style=\"background-image: url(&#039;https:\/\/www.trypportocentro.com\/wp-content\/uploads\/sites\/11\/2023\/11\/Tryp_Porto_Centro_Oporto_11.jpg&#039;)\">\r\n\r\n\t\t\t\r\n\t\t\t\t\t<\/div>\r\n\t\t\t\t\t\t\t\t<\/div>\n\t\t\t\t\t\t\t\t\t\t\t<div class=\"swiper-slide\" role=\"group\" aria-roledescription=\"slide\">\n\t\t\t\t\t\t\t\t\t<div class=\"elementor-carousel-image landscape\" role=\"img\" aria-label=\"Tryp_Porto_Centro_Oporto_12\" style=\"background-image: url(&#039;https:\/\/www.trypportocentro.com\/wp-content\/uploads\/sites\/11\/2023\/11\/Tryp_Porto_Centro_Oporto_12.jpg&#039;)\">\r\n\r\n\t\t\t\r\n\t\t\t\t\t<\/div>\r\n\t\t\t\t\t\t\t\t<\/div>\n\t\t\t\t\t\t\t\t\t<\/div>\n\t\t\t\t\t\t\t\t\t\t\t\t\t\t\t<div class=\"elementor-swiper-button elementor-swiper-button-prev\" role=\"button\" tabindex=\"0\" aria-label=\"Anterior\">\n\t\t\t\t\t\t\t<i aria-hidden=\"true\" class=\"eicon-chevron-left\"><\/i>\t\t\t\t\t\t<\/div>\n\t\t\t\t\t\t<div class=\"elementor-swiper-button elementor-swiper-button-next\" role=\"button\" tabindex=\"0\" aria-label=\"Siguiente\">\n\t\t\t\t\t\t\t<i aria-hidden=\"true\" class=\"eicon-chevron-right\"><\/i>\t\t\t\t\t\t<\/div>\n\t\t\t\t\t\t\t\t\t\t\t\t\t\t\t\t<div class=\"swiper-pagination\"><\/div>\n\t\t\t\t\t\t\t\t\t\t\t\t<\/div>\n\t\t\t\t<\/div>\n\t\t\t\t\t\t\t\t<\/div>\n\t\t\t\t<\/div>\n\t\t\t\t<\/div>\n\t\t<section class=\"elementor-element elementor-element-5be6fa1 e-con-full e-flex e-con e-parent\" data-id=\"5be6fa1\" data-element_type=\"container\">\n\t\t<div class=\"elementor-element elementor-element-637ccd9 e-con-full e-flex e-con e-child\" data-id=\"637ccd9\" data-element_type=\"container\">\n\t\t<div class=\"elementor-element elementor-element-55df4ad e-con-full e-flex e-con e-child\" data-id=\"55df4ad\" data-element_type=\"container\">\n\t\t\t\t<div class=\"elementor-element elementor-element-650bc2a elementor-widget elementor-widget-heading\" data-id=\"650bc2a\" data-element_type=\"widget\" data-widget_type=\"heading.default\">\n\t\t\t\t<div class=\"elementor-widget-container\">\n\t\t\t\t\t<h2 class=\"elementor-heading-title elementor-size-default\">PORTO, <\/h2>\t\t\t\t<\/div>\n\t\t\t\t<\/div>\n\t\t\t\t<div class=\"elementor-element elementor-element-1062144 elementor-widget elementor-widget-heading\" data-id=\"1062144\" data-element_type=\"widget\" data-widget_type=\"heading.default\">\n\t\t\t\t<div class=\"elementor-widget-container\">\n\t\t\t\t\t<h2 class=\"elementor-heading-title elementor-size-default\">CIUDAD VIEJA<\/h2>\t\t\t\t<\/div>\n\t\t\t\t<\/div>\n\t\t\t\t<div class=\"elementor-element elementor-element-da84be1 elementor-widget__width-initial elementor-widget elementor-widget-text-editor\" data-id=\"da84be1\" data-element_type=\"widget\" data-widget_type=\"text-editor.default\">\n\t\t\t\t<div class=\"elementor-widget-container\">\n\t\t\t\t\t\t\t\t\t<p>Porto es una ciudad antigua cuyas callejuelas cuentan historias de tiempos pasados, reflejadas en edificios hist\u00f3ricos, iglesias centenarias y plazas pintorescas. La ciudad tiene un aura de antig\u00fcedad y autenticidad, donde cada rinc\u00f3n revela huellas del pasado que moldearon su identidad. Desde las callejuelas de la Ribeira hasta las murallas del Castelo do Queijo, la ciudad es un tesoro de patrimonio hist\u00f3rico que encanta e inspira a quienes la visitan. Caminando por las calles centenarias, contemplando los monumentos antiguos, es imposible no sentir la reverencia por el pasado que a\u00fan resuena en las murallas y aceras de Porto.<\/p>\t\t\t\t\t\t\t\t<\/div>\n\t\t\t\t<\/div>\n\t\t\t\t<\/div>\n\t\t\t\t<\/div>\n\t\t<div class=\"elementor-element elementor-element-65d27bb e-con-full e-flex e-con e-child\" data-id=\"65d27bb\" data-element_type=\"container\" data-settings=\"{&quot;background_background&quot;:&quot;classic&quot;}\">\n\t\t\t\t<div class=\"elementor-element elementor-element-bcfdf42 elementor-widget elementor-widget-spacer\" data-id=\"bcfdf42\" data-element_type=\"widget\" data-widget_type=\"spacer.default\">\n\t\t\t\t<div class=\"elementor-widget-container\">\n\t\t\t\t\t\t\t<div class=\"elementor-spacer\">\n\t\t\t<div class=\"elementor-spacer-inner\"><\/div>\n\t\t<\/div>\n\t\t\t\t\t\t<\/div>\n\t\t\t\t<\/div>\n\t\t\t\t<\/div>\n\t\t\t\t<\/section>\n\t\t<section class=\"elementor-element elementor-element-540cb73 e-con-full e-flex e-con e-parent\" data-id=\"540cb73\" data-element_type=\"container\">\n\t\t<div class=\"elementor-element elementor-element-e3e1f7c e-con-full e-flex e-con e-child\" data-id=\"e3e1f7c\" data-element_type=\"container\" data-settings=\"{&quot;background_background&quot;:&quot;classic&quot;}\">\n\t\t\t\t<div class=\"elementor-element elementor-element-917d9c4 elementor-widget elementor-widget-spacer\" data-id=\"917d9c4\" data-element_type=\"widget\" data-widget_type=\"spacer.default\">\n\t\t\t\t<div class=\"elementor-widget-container\">\n\t\t\t\t\t\t\t<div class=\"elementor-spacer\">\n\t\t\t<div class=\"elementor-spacer-inner\"><\/div>\n\t\t<\/div>\n\t\t\t\t\t\t<\/div>\n\t\t\t\t<\/div>\n\t\t\t\t<\/div>\n\t\t<div class=\"elementor-element elementor-element-75fb5c0 e-con-full e-flex e-con e-child\" data-id=\"75fb5c0\" data-element_type=\"container\">\n\t\t<div class=\"elementor-element elementor-element-5fdd577 e-con-full e-flex e-con e-child\" data-id=\"5fdd577\" data-element_type=\"container\">\n\t\t\t\t<div class=\"elementor-element elementor-element-3395003 elementor-widget elementor-widget-heading\" data-id=\"3395003\" data-element_type=\"widget\" data-widget_type=\"heading.default\">\n\t\t\t\t<div class=\"elementor-widget-container\">\n\t\t\t\t\t<h2 class=\"elementor-heading-title elementor-size-default\">CIUDAD <\/h2>\t\t\t\t<\/div>\n\t\t\t\t<\/div>\n\t\t\t\t<div class=\"elementor-element elementor-element-eb30610 elementor-widget elementor-widget-heading\" data-id=\"eb30610\" data-element_type=\"widget\" data-widget_type=\"heading.default\">\n\t\t\t\t<div class=\"elementor-widget-container\">\n\t\t\t\t\t<h2 class=\"elementor-heading-title elementor-size-default\">INSPIRADORA<\/h2>\t\t\t\t<\/div>\n\t\t\t\t<\/div>\n\t\t\t\t<div class=\"elementor-element elementor-element-ca4faff elementor-widget elementor-widget-text-editor\" data-id=\"ca4faff\" data-element_type=\"widget\" data-widget_type=\"text-editor.default\">\n\t\t\t\t<div class=\"elementor-widget-container\">\n\t\t\t\t\t\t\t\t\t<div class=\"ewa-rteLine\">Uno de los aspectos m\u00e1s significativos de la ciudad de Porto y su centro hist\u00f3rico es el paisaje, resultado de la armon\u00eda de sus l\u00edneas y estructura urbana. La ciudad fue clasificada como Patrimonio de la UNESCO en 1996 y fue elegida &#8220;Mejor Destino Europeo 2014&#8221; por el &#8220;European Consumers Choice&#8221;.<br \/>Descubrir Porto es encontrarse con muchas sorpresas. Junto a su car\u00e1cter hospitalario y conservador se encuentra una ciudad contempor\u00e1nea y creativa. Las huellas de este &#8220;saber estar&#8221; se perciben en las calles, la arquitectura, los monumentos, los museos, los espacios de ocio, las terrazas y las zonas comerciales.<\/div>\t\t\t\t\t\t\t\t<\/div>\n\t\t\t\t<\/div>\n\t\t\t\t<\/div>\n\t\t\t\t<\/div>\n\t\t\t\t<\/section>\n\t\t<section class=\"elementor-element elementor-element-d0560fd e-con-full e-flex e-con e-parent\" data-id=\"d0560fd\" data-element_type=\"container\">\n\t\t<div class=\"elementor-element elementor-element-9337f5c e-con-full e-flex e-con e-child\" data-id=\"9337f5c\" data-element_type=\"container\">\n\t\t<div class=\"elementor-element elementor-element-5b191c3 e-con-full e-flex e-con e-child\" data-id=\"5b191c3\" data-element_type=\"container\">\n\t\t\t\t<div class=\"elementor-element elementor-element-15fd7bb elementor-widget elementor-widget-heading\" data-id=\"15fd7bb\" data-element_type=\"widget\" data-widget_type=\"heading.default\">\n\t\t\t\t<div class=\"elementor-widget-container\">\n\t\t\t\t\t<h2 class=\"elementor-heading-title elementor-size-default\">LAS BODEGAS<\/h2>\t\t\t\t<\/div>\n\t\t\t\t<\/div>\n\t\t\t\t<div class=\"elementor-element elementor-element-f0c5a17 elementor-widget elementor-widget-heading\" data-id=\"f0c5a17\" data-element_type=\"widget\" data-widget_type=\"heading.default\">\n\t\t\t\t<div class=\"elementor-widget-container\">\n\t\t\t\t\t<h2 class=\"elementor-heading-title elementor-size-default\">DE PORTO <\/h2>\t\t\t\t<\/div>\n\t\t\t\t<\/div>\n\t\t\t\t<div class=\"elementor-element elementor-element-d515526 elementor-widget__width-initial elementor-widget elementor-widget-text-editor\" data-id=\"d515526\" data-element_type=\"widget\" data-widget_type=\"text-editor.default\">\n\t\t\t\t<div class=\"elementor-widget-container\">\n\t\t\t\t\t\t\t\t\t<p>La ciudad de Porto es uno de los destinos tur\u00edsticos m\u00e1s antiguos de Europa y uno de los preferidos por muchos turistas y visitantes.<br \/>La riqueza de su patrimonio monumental y art\u00edstico, las bodegas de vino de Porto, los amplios espacios dedicados al ocio y a la vida cultural son s\u00f3lo algunas de las razones para visitar Porto.<\/p>\t\t\t\t\t\t\t\t<\/div>\n\t\t\t\t<\/div>\n\t\t\t\t<\/div>\n\t\t\t\t<\/div>\n\t\t<div class=\"elementor-element elementor-element-053be04 e-con-full e-flex e-con e-child\" data-id=\"053be04\" data-element_type=\"container\" data-settings=\"{&quot;background_background&quot;:&quot;classic&quot;}\">\n\t\t\t\t<div class=\"elementor-element elementor-element-f9b6905 elementor-widget elementor-widget-spacer\" data-id=\"f9b6905\" data-element_type=\"widget\" data-widget_type=\"spacer.default\">\n\t\t\t\t<div class=\"elementor-widget-container\">\n\t\t\t\t\t\t\t<div class=\"elementor-spacer\">\n\t\t\t<div class=\"elementor-spacer-inner\"><\/div>\n\t\t<\/div>\n\t\t\t\t\t\t<\/div>\n\t\t\t\t<\/div>\n\t\t\t\t<\/div>\n\t\t\t\t<\/section>\n\t\t<div class=\"elementor-element elementor-element-6d9b414 e-con-full e-flex e-con e-parent\" data-id=\"6d9b414\" data-element_type=\"container\">\n\t\t\t\t<div class=\"elementor-element elementor-element-cbaed58 elementor-widget elementor-widget-heading\" data-id=\"cbaed58\" data-element_type=\"widget\" data-widget_type=\"heading.default\">\n\t\t\t\t<div class=\"elementor-widget-container\">\n\t\t\t\t\t<h5 class=\"elementor-heading-title elementor-size-default\">Qu\u00e9 ver y hacer<\/h5>\t\t\t\t<\/div>\n\t\t\t\t<\/div>\n\t\t<div class=\"elementor-element elementor-element-b346bc2 e-con-full e-flex e-con e-child\" data-id=\"b346bc2\" data-element_type=\"container\">\n\t\t\t\t<div class=\"elementor-element elementor-element-740e4bc elementor-widget elementor-widget-n-carousel\" data-id=\"740e4bc\" data-element_type=\"widget\" data-settings=\"{&quot;carousel_items&quot;:[{&quot;slide_title&quot;:&quot;Slide #1&quot;,&quot;_id&quot;:&quot;bc1ad8d&quot;},{&quot;slide_title&quot;:&quot;Slide #2&quot;,&quot;_id&quot;:&quot;817f723&quot;},{&quot;slide_title&quot;:&quot;Slide #3&quot;,&quot;_id&quot;:&quot;f0475f9&quot;},{&quot;_id&quot;:&quot;ca82639&quot;,&quot;slide_title&quot;:&quot;Slide #4&quot;}],&quot;slides_to_show&quot;:&quot;4&quot;,&quot;image_spacing_custom&quot;:{&quot;unit&quot;:&quot;px&quot;,&quot;size&quot;:30,&quot;sizes&quot;:[]},&quot;slides_to_show_mobile_extra&quot;:&quot;1&quot;,&quot;slides_to_scroll_mobile_extra&quot;:&quot;1&quot;,&quot;slides_to_show_tablet&quot;:&quot;2&quot;,&quot;slides_to_show_mobile&quot;:&quot;1&quot;,&quot;autoplay&quot;:&quot;yes&quot;,&quot;autoplay_speed&quot;:5000,&quot;pause_on_hover&quot;:&quot;yes&quot;,&quot;pause_on_interaction&quot;:&quot;yes&quot;,&quot;speed&quot;:500,&quot;image_spacing_custom_tablet_extra&quot;:{&quot;unit&quot;:&quot;px&quot;,&quot;size&quot;:&quot;&quot;,&quot;sizes&quot;:[]},&quot;image_spacing_custom_tablet&quot;:{&quot;unit&quot;:&quot;px&quot;,&quot;size&quot;:&quot;&quot;,&quot;sizes&quot;:[]},&quot;image_spacing_custom_mobile_extra&quot;:{&quot;unit&quot;:&quot;px&quot;,&quot;size&quot;:&quot;&quot;,&quot;sizes&quot;:[]},&quot;image_spacing_custom_mobile&quot;:{&quot;unit&quot;:&quot;px&quot;,&quot;size&quot;:&quot;&quot;,&quot;sizes&quot;:[]}}\" data-widget_type=\"nested-carousel.default\">\n\t\t\t\t<div class=\"elementor-widget-container\">\n\t\t\t\t\t\t\t<div class=\"e-n-carousel swiper\" role=\"region\" aria-roledescription=\"carousel\" aria-label=\"Carrusel\" dir=\"ltr\">\n\t\t\t<div class=\"swiper-wrapper\" aria-live=\"off\">\n\t\t\t\t\t\t\t\t\t\t<div class=\"swiper-slide\" data-slide=\"1\" role=\"group\" aria-roledescription=\"slide\" aria-label=\"1 of 4\">\n\t\t\t\t\t\t\t<div class=\"elementor-element elementor-element-53701c7 e-flex e-con-boxed e-con e-child\" data-id=\"53701c7\" data-element_type=\"container\">\n\t\t\t\t\t<div class=\"e-con-inner\">\n\t\t<div class=\"elementor-element elementor-element-89754ef e-con-full e-flex e-con e-child\" data-id=\"89754ef\" data-element_type=\"container\">\n\t\t\t\t<div class=\"elementor-element elementor-element-e0a8418 elementor-widget__width-initial elementor-position-top elementor-widget elementor-widget-image-box\" data-id=\"e0a8418\" data-element_type=\"widget\" data-widget_type=\"image-box.default\">\n\t\t\t\t<div class=\"elementor-widget-container\">\n\t\t\t\t\t<div class=\"elementor-image-box-wrapper\"><figure class=\"elementor-image-box-img\"><img fetchpriority=\"high\" decoding=\"async\" width=\"407\" height=\"500\" src=\"https:\/\/www.trypportocentro.com\/wp-content\/uploads\/sites\/11\/2024\/03\/Tryp_Porto_Centro_Gastronomia.jpg\" class=\"attachment-full size-full wp-image-14158\" alt=\"Tryp_Porto_Centro_Gastronomia\" srcset=\"https:\/\/www.trypportocentro.com\/wp-content\/uploads\/sites\/11\/2024\/03\/Tryp_Porto_Centro_Gastronomia.jpg 407w, https:\/\/www.trypportocentro.com\/wp-content\/uploads\/sites\/11\/2024\/03\/Tryp_Porto_Centro_Gastronomia-244x300.jpg 244w\" sizes=\"(max-width: 407px) 100vw, 407px\" \/><\/figure><div class=\"elementor-image-box-content\"><h3 class=\"elementor-image-box-title\">Gastronom\u00eda<\/h3><p class=\"elementor-image-box-description\">Conocida por su hospitalidad, la ciudad es famosa por su gastronom\u00eda y su vino de Oporto.<\/p><\/div><\/div>\t\t\t\t<\/div>\n\t\t\t\t<\/div>\n\t\t\t\t<\/div>\n\t\t\t\t\t<\/div>\n\t\t\t\t<\/div>\n\t\t\t\t\t\t\t\t<\/div>\n\t\t\t\t\t\t\t\t\t\t\t<div class=\"swiper-slide\" data-slide=\"2\" role=\"group\" aria-roledescription=\"slide\" aria-label=\"2 of 4\">\n\t\t\t\t\t\t\t<div class=\"elementor-element elementor-element-f76e8da e-flex e-con-boxed e-con e-child\" data-id=\"f76e8da\" data-element_type=\"container\">\n\t\t\t\t\t<div class=\"e-con-inner\">\n\t\t\t\t<div class=\"elementor-element elementor-element-357ba66 elementor-widget__width-initial elementor-position-top elementor-widget elementor-widget-image-box\" data-id=\"357ba66\" data-element_type=\"widget\" data-widget_type=\"image-box.default\">\n\t\t\t\t<div class=\"elementor-widget-container\">\n\t\t\t\t\t<div class=\"elementor-image-box-wrapper\"><figure class=\"elementor-image-box-img\"><img decoding=\"async\" width=\"407\" height=\"500\" src=\"https:\/\/www.trypportocentro.com\/wp-content\/uploads\/sites\/11\/2024\/03\/Tryp_Porto_Centro_Patrimonio.jpg\" class=\"attachment-full size-full wp-image-14163\" alt=\"Tryp_Porto_Centro_Patrimonio\" srcset=\"https:\/\/www.trypportocentro.com\/wp-content\/uploads\/sites\/11\/2024\/03\/Tryp_Porto_Centro_Patrimonio.jpg 407w, https:\/\/www.trypportocentro.com\/wp-content\/uploads\/sites\/11\/2024\/03\/Tryp_Porto_Centro_Patrimonio-244x300.jpg 244w\" sizes=\"(max-width: 407px) 100vw, 407px\" \/><\/figure><div class=\"elementor-image-box-content\"><h3 class=\"elementor-image-box-title\">Patrimonio<\/h3><p class=\"elementor-image-box-description\">D\u00e9jese sorprender por la riqueza arquitect\u00f3nica de Porto y no deje de visitar la famosa Librer\u00eda Lello, los salones del Pal\u00e1cio da Bolsa, la Torre de los Cl\u00e9rigos y la Plaza de los Aliados.<\/p><\/div><\/div>\t\t\t\t<\/div>\n\t\t\t\t<\/div>\n\t\t\t\t\t<\/div>\n\t\t\t\t<\/div>\n\t\t\t\t\t\t\t\t<\/div>\n\t\t\t\t\t\t\t\t\t\t\t<div class=\"swiper-slide\" data-slide=\"3\" role=\"group\" aria-roledescription=\"slide\" aria-label=\"3 of 4\">\n\t\t\t\t\t\t\t<div class=\"elementor-element elementor-element-2733f80 e-flex e-con-boxed e-con e-child\" data-id=\"2733f80\" data-element_type=\"container\">\n\t\t\t\t\t<div class=\"e-con-inner\">\n\t\t\t\t<div class=\"elementor-element elementor-element-ca50de8 elementor-widget__width-initial elementor-position-top elementor-widget elementor-widget-image-box\" data-id=\"ca50de8\" data-element_type=\"widget\" data-widget_type=\"image-box.default\">\n\t\t\t\t<div class=\"elementor-widget-container\">\n\t\t\t\t\t<div class=\"elementor-image-box-wrapper\"><figure class=\"elementor-image-box-img\"><img decoding=\"async\" width=\"407\" height=\"500\" src=\"https:\/\/www.trypportocentro.com\/wp-content\/uploads\/sites\/11\/2024\/03\/Tryp_Porto_Centro_Cultura.jpg\" class=\"attachment-full size-full wp-image-14148\" alt=\"Tryp_Porto_Centro_Cultura\" srcset=\"https:\/\/www.trypportocentro.com\/wp-content\/uploads\/sites\/11\/2024\/03\/Tryp_Porto_Centro_Cultura.jpg 407w, https:\/\/www.trypportocentro.com\/wp-content\/uploads\/sites\/11\/2024\/03\/Tryp_Porto_Centro_Cultura-244x300.jpg 244w\" sizes=\"(max-width: 407px) 100vw, 407px\" \/><\/figure><div class=\"elementor-image-box-content\"><h3 class=\"elementor-image-box-title\">Cultura<\/h3><p class=\"elementor-image-box-description\">Sum\u00e9rjase en la vida cultural de la ciudad. Aproveche para ver un espect\u00e1culo o visitar una exposici\u00f3n en la Casa da M\u00fasica o en el Coliseu do Porto.<\/p><\/div><\/div>\t\t\t\t<\/div>\n\t\t\t\t<\/div>\n\t\t\t\t\t<\/div>\n\t\t\t\t<\/div>\n\t\t\t\t\t\t\t\t<\/div>\n\t\t\t\t\t\t\t\t\t\t\t<div class=\"swiper-slide\" data-slide=\"4\" role=\"group\" aria-roledescription=\"slide\" aria-label=\"4 of 4\">\n\t\t\t\t\t\t\t<div class=\"elementor-element elementor-element-1061503 e-flex e-con-boxed e-con e-child\" data-id=\"1061503\" data-element_type=\"container\">\n\t\t\t\t\t<div class=\"e-con-inner\">\n\t\t\t\t<div class=\"elementor-element elementor-element-461a763 elementor-widget__width-initial elementor-position-top elementor-widget elementor-widget-image-box\" data-id=\"461a763\" data-element_type=\"widget\" data-widget_type=\"image-box.default\">\n\t\t\t\t<div class=\"elementor-widget-container\">\n\t\t\t\t\t<div class=\"elementor-image-box-wrapper\"><figure class=\"elementor-image-box-img\"><img loading=\"lazy\" decoding=\"async\" width=\"407\" height=\"500\" src=\"https:\/\/www.trypportocentro.com\/wp-content\/uploads\/sites\/11\/2024\/03\/Tryp_Porto_Centro_Entertenimento.jpg\" class=\"attachment-full size-full wp-image-14153\" alt=\"Tryp_Porto_Centro_Entertenimento\" srcset=\"https:\/\/www.trypportocentro.com\/wp-content\/uploads\/sites\/11\/2024\/03\/Tryp_Porto_Centro_Entertenimento.jpg 407w, https:\/\/www.trypportocentro.com\/wp-content\/uploads\/sites\/11\/2024\/03\/Tryp_Porto_Centro_Entertenimento-244x300.jpg 244w\" sizes=\"(max-width: 407px) 100vw, 407px\" \/><\/figure><div class=\"elementor-image-box-content\"><h3 class=\"elementor-image-box-title\">Entretenimiento<\/h3><p class=\"elementor-image-box-description\">Porto ofrece multitud de experiencias que har\u00e1n que su estancia sea inolvidable. No deje de visitar el parque tem\u00e1tico World of Discoveries y el acuario Sea Life. Tambi\u00e9n puede aprovechar para hacer algunas compras en Via Santa Catarina y terminar el d\u00eda con una copa de vino de Porto.<\/p><\/div><\/div>\t\t\t\t<\/div>\n\t\t\t\t<\/div>\n\t\t\t\t\t<\/div>\n\t\t\t\t<\/div>\n\t\t\t\t\t\t\t\t<\/div>\n\t\t\t\t\t\t\t\t<\/div>\n\t\t<\/div>\n\t\t\t\t\t\t<\/div>\n\t\t\t\t<\/div>\n\t\t\t\t<\/div>\n\t\t\t\t<\/div>\n\t\t<div class=\"elementor-element elementor-element-ef147e1 e-con-full e-flex e-con e-parent\" data-id=\"ef147e1\" data-element_type=\"container\">\n\t\t\t\t<div class=\"elementor-element elementor-element-77cc4b2 elementor-widget elementor-widget-heading\" data-id=\"77cc4b2\" data-element_type=\"widget\" data-widget_type=\"heading.default\">\n\t\t\t\t<div class=\"elementor-widget-container\">\n\t\t\t\t\t<h5 class=\"elementor-heading-title elementor-size-default\">C\u00f3mo llegar desde el aeropuerto<\/h5>\t\t\t\t<\/div>\n\t\t\t\t<\/div>\n\t\t\t\t<\/div>\n\t\t<section class=\"elementor-element elementor-element-6ecac3e e-con-full e-flex e-con e-parent\" data-id=\"6ecac3e\" data-element_type=\"container\">\n\t\t\t\t<div class=\"elementor-element elementor-element-ba2ca3b elementor-widget__width-initial elementor-view-default elementor-position-top elementor-mobile-position-top elementor-widget elementor-widget-icon-box\" data-id=\"ba2ca3b\" data-element_type=\"widget\" data-widget_type=\"icon-box.default\">\n\t\t\t\t<div class=\"elementor-widget-container\">\n\t\t\t\t\t\t\t<div class=\"elementor-icon-box-wrapper\">\n\n\t\t\t\t\t\t<div class=\"elementor-icon-box-icon\">\n\t\t\t\t<span  class=\"elementor-icon\">\n\t\t\t\t<i aria-hidden=\"true\" class=\"fal fa-bus-alt\"><\/i>\t\t\t\t<\/span>\n\t\t\t<\/div>\n\t\t\t\n\t\t\t\t\t\t<div class=\"elementor-icon-box-content\">\n\n\t\t\t\t\t\t\t\t\t<h3 class=\"elementor-icon-box-title\">\n\t\t\t\t\t\t<span  >\n\t\t\t\t\t\t\tBus\t\t\t\t\t\t<\/span>\n\t\t\t\t\t<\/h3>\n\t\t\t\t\n\t\t\t\t\t\t\t\t\t<p class=\"elementor-icon-box-description\">\n\t\t\t\t\t\tLa l\u00ednea de autob\u00fas n\u00ba601 conecta el aeropuerto con el hotel, as\u00ed como el hotel con el centro de la ciudad. La l\u00ednea 507 tambi\u00e9n conecta el hotel con el centro de la ciudad.\t\t\t\t\t<\/p>\n\t\t\t\t\n\t\t\t<\/div>\n\t\t\t\n\t\t<\/div>\n\t\t\t\t\t\t<\/div>\n\t\t\t\t<\/div>\n\t\t\t\t<div class=\"elementor-element elementor-element-262a63b elementor-widget__width-initial elementor-view-default elementor-position-top elementor-mobile-position-top elementor-widget elementor-widget-icon-box\" data-id=\"262a63b\" data-element_type=\"widget\" data-widget_type=\"icon-box.default\">\n\t\t\t\t<div class=\"elementor-widget-container\">\n\t\t\t\t\t\t\t<div class=\"elementor-icon-box-wrapper\">\n\n\t\t\t\t\t\t<div class=\"elementor-icon-box-icon\">\n\t\t\t\t<span  class=\"elementor-icon\">\n\t\t\t\t<i aria-hidden=\"true\" class=\"fal fa-cars\"><\/i>\t\t\t\t<\/span>\n\t\t\t<\/div>\n\t\t\t\n\t\t\t\t\t\t<div class=\"elementor-icon-box-content\">\n\n\t\t\t\t\t\t\t\t\t<h3 class=\"elementor-icon-box-title\">\n\t\t\t\t\t\t<span  >\n\t\t\t\t\t\t\tRent-a-car\t\t\t\t\t\t<\/span>\n\t\t\t\t\t<\/h3>\n\t\t\t\t\n\t\t\t\t\t\t\t\t\t<p class=\"elementor-icon-box-description\">\n\t\t\t\t\t\tPuede alquilar un coche en la zona de llegadas del aeropuerto a trav\u00e9s de empresas de alquiler de coches. Otra opci\u00f3n es reservar con antelaci\u00f3n.\t\t\t\t\t<\/p>\n\t\t\t\t\n\t\t\t<\/div>\n\t\t\t\n\t\t<\/div>\n\t\t\t\t\t\t<\/div>\n\t\t\t\t<\/div>\n\t\t\t\t<div class=\"elementor-element elementor-element-a47de37 elementor-widget__width-initial elementor-view-default elementor-position-top elementor-mobile-position-top elementor-widget elementor-widget-icon-box\" data-id=\"a47de37\" data-element_type=\"widget\" data-widget_type=\"icon-box.default\">\n\t\t\t\t<div class=\"elementor-widget-container\">\n\t\t\t\t\t\t\t<div class=\"elementor-icon-box-wrapper\">\n\n\t\t\t\t\t\t<div class=\"elementor-icon-box-icon\">\n\t\t\t\t<span  class=\"elementor-icon\">\n\t\t\t\t<i aria-hidden=\"true\" class=\"fal fa-taxi\"><\/i>\t\t\t\t<\/span>\n\t\t\t<\/div>\n\t\t\t\n\t\t\t\t\t\t<div class=\"elementor-icon-box-content\">\n\n\t\t\t\t\t\t\t\t\t<h3 class=\"elementor-icon-box-title\">\n\t\t\t\t\t\t<span  >\n\t\t\t\t\t\t\tTaxi\t\t\t\t\t\t<\/span>\n\t\t\t\t\t<\/h3>\n\t\t\t\t\n\t\t\t\t\t\t\t\t\t<p class=\"elementor-icon-box-description\">\n\t\t\t\t\t\tLa tarifa media de un taxi desde el aeropuerto es de unos 23,00 euros. El importe del trayecto es el mismo y no depende del n\u00famero de pasajeros que viajen en el veh\u00edculo. Si el equipaje supera los 55x35x20 cm, debe transportarse en el maletero o en el techo. En este caso, puede aplicarse un recargo. Las sillas de ruedas, cunas y cochecitos pueden transportarse gratuitamente. No se exige propina.\t\t\t\t\t<\/p>\n\t\t\t\t\n\t\t\t<\/div>\n\t\t\t\n\t\t<\/div>\n\t\t\t\t\t\t<\/div>\n\t\t\t\t<\/div>\n\t\t\t\t<div class=\"elementor-element elementor-element-4093eb6 elementor-widget__width-initial elementor-view-default elementor-position-top elementor-mobile-position-top elementor-widget elementor-widget-icon-box\" data-id=\"4093eb6\" data-element_type=\"widget\" data-widget_type=\"icon-box.default\">\n\t\t\t\t<div class=\"elementor-widget-container\">\n\t\t\t\t\t\t\t<div class=\"elementor-icon-box-wrapper\">\n\n\t\t\t\t\t\t<div class=\"elementor-icon-box-icon\">\n\t\t\t\t<span  class=\"elementor-icon\">\n\t\t\t\t<i aria-hidden=\"true\" class=\"fal fa-subway\"><\/i>\t\t\t\t<\/span>\n\t\t\t<\/div>\n\t\t\t\n\t\t\t\t\t\t<div class=\"elementor-icon-box-content\">\n\n\t\t\t\t\t\t\t\t\t<h3 class=\"elementor-icon-box-title\">\n\t\t\t\t\t\t<span  >\n\t\t\t\t\t\t\tMetro\t\t\t\t\t\t<\/span>\n\t\t\t\t\t<\/h3>\n\t\t\t\t\n\t\t\t\t\t\t\t\t\t<p class=\"elementor-icon-box-description\">\n\t\t\t\t\t\tEl metro de Porto conecta directamente el aeropuerto con la ciudad, y para conectar con el TRYP Porto Centro s\u00f3lo tiene que cambiar en la estaci\u00f3n de Trindade a la l\u00ednea amarilla y bajarse en la estaci\u00f3n de Marqu\u00eas, que est\u00e1 a 600 metros del hotel.\t\t\t\t\t<\/p>\n\t\t\t\t\n\t\t\t<\/div>\n\t\t\t\n\t\t<\/div>\n\t\t\t\t\t\t<\/div>\n\t\t\t\t<\/div>\n\t\t\t\t<\/section>\n\t\t<div class=\"elementor-element elementor-element-e036ed8 e-con-full e-flex e-con e-parent\" data-id=\"e036ed8\" data-element_type=\"container\">\n\t\t\t\t<div class=\"elementor-element elementor-element-6595041 elementor-widget elementor-widget-heading\" data-id=\"6595041\" data-element_type=\"widget\" data-widget_type=\"heading.default\">\n\t\t\t\t<div class=\"elementor-widget-container\">\n\t\t\t\t\t<h5 class=\"elementor-heading-title elementor-size-default\">C\u00f3mo llegar por tierra<\/h5>\t\t\t\t<\/div>\n\t\t\t\t<\/div>\n\t\t\t\t<\/div>\n\t\t<section class=\"elementor-element elementor-element-37fa7d5 e-con-full e-flex e-con e-parent\" data-id=\"37fa7d5\" data-element_type=\"container\">\n\t\t\t\t<div class=\"elementor-element elementor-element-d1659ab elementor-widget__width-initial elementor-view-default elementor-position-top elementor-mobile-position-top elementor-widget elementor-widget-icon-box\" data-id=\"d1659ab\" data-element_type=\"widget\" data-widget_type=\"icon-box.default\">\n\t\t\t\t<div class=\"elementor-widget-container\">\n\t\t\t\t\t\t\t<div class=\"elementor-icon-box-wrapper\">\n\n\t\t\t\t\t\t<div class=\"elementor-icon-box-icon\">\n\t\t\t\t<span  class=\"elementor-icon\">\n\t\t\t\t<i aria-hidden=\"true\" class=\"fal fa-bus-alt\"><\/i>\t\t\t\t<\/span>\n\t\t\t<\/div>\n\t\t\t\n\t\t\t\t\t\t<div class=\"elementor-icon-box-content\">\n\n\t\t\t\t\t\t\t\t\t<h3 class=\"elementor-icon-box-title\">\n\t\t\t\t\t\t<span  >\n\t\t\t\t\t\t\tTransporte Urbano\t\t\t\t\t\t<\/span>\n\t\t\t\t\t<\/h3>\n\t\t\t\t\n\t\t\t\t\t\t\t\t\t<p class=\"elementor-icon-box-description\">\n\t\t\t\t\t\tDentro de la ciudad, el transporte p\u00fablico urbano corre a cargo de los autobuses del STCP y del Metro do PORTO.\t\t\t\t\t<\/p>\n\t\t\t\t\n\t\t\t<\/div>\n\t\t\t\n\t\t<\/div>\n\t\t\t\t\t\t<\/div>\n\t\t\t\t<\/div>\n\t\t\t\t<div class=\"elementor-element elementor-element-64e1e90 elementor-widget__width-initial elementor-view-default elementor-position-top elementor-mobile-position-top elementor-widget elementor-widget-icon-box\" data-id=\"64e1e90\" data-element_type=\"widget\" data-widget_type=\"icon-box.default\">\n\t\t\t\t<div class=\"elementor-widget-container\">\n\t\t\t\t\t\t\t<div class=\"elementor-icon-box-wrapper\">\n\n\t\t\t\t\t\t<div class=\"elementor-icon-box-icon\">\n\t\t\t\t<span  class=\"elementor-icon\">\n\t\t\t\t<i aria-hidden=\"true\" class=\"fal fa-bus-alt\"><\/i>\t\t\t\t<\/span>\n\t\t\t<\/div>\n\t\t\t\n\t\t\t\t\t\t<div class=\"elementor-icon-box-content\">\n\n\t\t\t\t\t\t\t\t\t<h3 class=\"elementor-icon-box-title\">\n\t\t\t\t\t\t<span  >\n\t\t\t\t\t\t\tAutob\u00fas \/ Coche\t\t\t\t\t\t<\/span>\n\t\t\t\t\t<\/h3>\n\t\t\t\t\n\t\t\t\t\t\t\t\t\t<p class=\"elementor-icon-box-description\">\n\t\t\t\t\t\tEmpresas de transporte por carretera como Rede Nacional de Expressos e InterNorte conectan Oporto con diversos lugares de Europa. InterNorte realiza viajes a casi todas las principales ciudades europeas. Otras compa\u00f1\u00edas de autobuses cubren todo el pa\u00eds, de norte a sur.\t\t\t\t\t<\/p>\n\t\t\t\t\n\t\t\t<\/div>\n\t\t\t\n\t\t<\/div>\n\t\t\t\t\t\t<\/div>\n\t\t\t\t<\/div>\n\t\t\t\t<div class=\"elementor-element elementor-element-20c5b52 elementor-widget__width-initial elementor-view-default elementor-position-top elementor-mobile-position-top elementor-widget elementor-widget-icon-box\" data-id=\"20c5b52\" data-element_type=\"widget\" data-widget_type=\"icon-box.default\">\n\t\t\t\t<div class=\"elementor-widget-container\">\n\t\t\t\t\t\t\t<div class=\"elementor-icon-box-wrapper\">\n\n\t\t\t\t\t\t<div class=\"elementor-icon-box-icon\">\n\t\t\t\t<span  class=\"elementor-icon\">\n\t\t\t\t<i aria-hidden=\"true\" class=\"fal fa-train\"><\/i>\t\t\t\t<\/span>\n\t\t\t<\/div>\n\t\t\t\n\t\t\t\t\t\t<div class=\"elementor-icon-box-content\">\n\n\t\t\t\t\t\t\t\t\t<h3 class=\"elementor-icon-box-title\">\n\t\t\t\t\t\t<span  >\n\t\t\t\t\t\t\tTren\t\t\t\t\t\t<\/span>\n\t\t\t\t\t<\/h3>\n\t\t\t\t\n\t\t\t\t\t\t\t\t\t<p class=\"elementor-icon-box-description\">\n\t\t\t\t\t\tPorto cuenta con dos estaciones principales para conexiones nacionales e internacionales. Estaci\u00f3n de Campanh\u00e3: Transporte ferroviario a Lisboa, Duero, Mi\u00f1o y destinos internacionales. Estaci\u00f3n de S. Bento: Conexiones regionales, Galicia, las regiones del Duero y Mi\u00f1o, Aveiro y Coimbra.\t\t\t\t\t<\/p>\n\t\t\t\t\n\t\t\t<\/div>\n\t\t\t\n\t\t<\/div>\n\t\t\t\t\t\t<\/div>\n\t\t\t\t<\/div>\n\t\t\t\t<\/section>\n\t\t<!-- dce invisible element 05f3a17 --><section class=\"elementor-element elementor-element-71af052 e-con-full e-flex e-con e-parent\" data-id=\"71af052\" data-element_type=\"container\" id=\"cardstitles\">\n\t\t<div class=\"elementor-element elementor-element-d613357 e-con-full e-flex e-con e-child\" data-id=\"d613357\" data-element_type=\"container\">\n\t\t<div class=\"elementor-element elementor-element-97f47e6 e-con-full e-flex e-con e-child\" data-id=\"97f47e6\" data-element_type=\"container\">\n\t\t<div class=\"elementor-element elementor-element-2a90fad e-con-full e-flex e-con e-child\" data-id=\"2a90fad\" data-element_type=\"container\">\n\t\t\t\t<div class=\"elementor-element elementor-element-a5afca3 elementor-widget elementor-widget-heading\" data-id=\"a5afca3\" data-element_type=\"widget\" data-widget_type=\"heading.default\">\n\t\t\t\t<div class=\"elementor-widget-container\">\n\t\t\t\t\t<h2 class=\"elementor-heading-title elementor-size-default\">eventos<\/h2>\t\t\t\t<\/div>\n\t\t\t\t<\/div>\n\t\t\t\t<div class=\"elementor-element elementor-element-217b1b5 elementor-widget elementor-widget-heading\" data-id=\"217b1b5\" data-element_type=\"widget\" data-widget_type=\"heading.default\">\n\t\t\t\t<div class=\"elementor-widget-container\">\n\t\t\t\t\t<h2 class=\"elementor-heading-title elementor-size-default\">no porto<\/h2>\t\t\t\t<\/div>\n\t\t\t\t<\/div>\n\t\t\t\t<\/div>\n\t\t\t\t<\/div>\n\t\t<div class=\"elementor-element elementor-element-7da17e2 e-con-full e-flex e-con e-child\" data-id=\"7da17e2\" data-element_type=\"container\">\n\t\t\t\t<div class=\"elementor-element elementor-element-3ad7540 elementor-widget elementor-widget-n-carousel\" data-id=\"3ad7540\" data-element_type=\"widget\" data-settings=\"{&quot;carousel_items&quot;:[{&quot;slide_title&quot;:&quot;Slide #1&quot;,&quot;_id&quot;:&quot;bc1ad8d&quot;},{&quot;slide_title&quot;:&quot;Slide #2&quot;,&quot;_id&quot;:&quot;817f723&quot;}],&quot;slides_to_show&quot;:&quot;3&quot;,&quot;image_spacing_custom&quot;:{&quot;unit&quot;:&quot;px&quot;,&quot;size&quot;:30,&quot;sizes&quot;:[]},&quot;slides_to_show_mobile_extra&quot;:&quot;1&quot;,&quot;slides_to_show_tablet&quot;:&quot;2&quot;,&quot;slides_to_show_mobile&quot;:&quot;1&quot;,&quot;autoplay&quot;:&quot;yes&quot;,&quot;autoplay_speed&quot;:5000,&quot;pause_on_hover&quot;:&quot;yes&quot;,&quot;pause_on_interaction&quot;:&quot;yes&quot;,&quot;speed&quot;:500,&quot;image_spacing_custom_tablet_extra&quot;:{&quot;unit&quot;:&quot;px&quot;,&quot;size&quot;:&quot;&quot;,&quot;sizes&quot;:[]},&quot;image_spacing_custom_tablet&quot;:{&quot;unit&quot;:&quot;px&quot;,&quot;size&quot;:&quot;&quot;,&quot;sizes&quot;:[]},&quot;image_spacing_custom_mobile_extra&quot;:{&quot;unit&quot;:&quot;px&quot;,&quot;size&quot;:&quot;&quot;,&quot;sizes&quot;:[]},&quot;image_spacing_custom_mobile&quot;:{&quot;unit&quot;:&quot;px&quot;,&quot;size&quot;:&quot;&quot;,&quot;sizes&quot;:[]}}\" data-widget_type=\"nested-carousel.default\">\n\t\t\t\t<div class=\"elementor-widget-container\">\n\t\t\t\t\t\t\t<div class=\"e-n-carousel swiper\" role=\"region\" aria-roledescription=\"carousel\" aria-label=\"Carrusel\" dir=\"ltr\">\n\t\t\t<div class=\"swiper-wrapper\" aria-live=\"off\">\n\t\t\t\t\t\t\t\t\t\t<div class=\"swiper-slide\" data-slide=\"1\" role=\"group\" aria-roledescription=\"slide\" aria-label=\"1 of 2\">\n\t\t\t\t\t\t\t<div class=\"elementor-element elementor-element-40632e3 e-flex e-con-boxed e-con e-child\" data-id=\"40632e3\" data-element_type=\"container\">\n\t\t\t\t\t<div class=\"e-con-inner\">\n\t\t<div class=\"elementor-element elementor-element-f5bd011 e-con-full e-flex e-con e-child\" data-id=\"f5bd011\" data-element_type=\"container\">\n\t\t\t\t<div class=\"elementor-element elementor-element-05e60f6 elementor-widget__width-initial elementor-position-top elementor-widget elementor-widget-image-box\" data-id=\"05e60f6\" data-element_type=\"widget\" data-widget_type=\"image-box.default\">\n\t\t\t\t<div class=\"elementor-widget-container\">\n\t\t\t\t\t<div class=\"elementor-image-box-wrapper\"><figure class=\"elementor-image-box-img\"><a href=\"https:\/\/maresvivas.meo.pt\/pt\" target=\"_blank\" tabindex=\"-1\"><img loading=\"lazy\" decoding=\"async\" width=\"407\" height=\"500\" src=\"https:\/\/www.trypportocentro.com\/wp-content\/uploads\/sites\/11\/2024\/03\/Tryp_Porto_Centro_Festival_Mares_Vivas.jpg\" class=\"attachment-full size-full wp-image-14178\" alt=\"Tryp_Porto_Centro_Festival_Mares_Vivas\" srcset=\"https:\/\/www.trypportocentro.com\/wp-content\/uploads\/sites\/11\/2024\/03\/Tryp_Porto_Centro_Festival_Mares_Vivas.jpg 407w, https:\/\/www.trypportocentro.com\/wp-content\/uploads\/sites\/11\/2024\/03\/Tryp_Porto_Centro_Festival_Mares_Vivas-244x300.jpg 244w\" sizes=\"(max-width: 407px) 100vw, 407px\" \/><\/a><\/figure><div class=\"elementor-image-box-content\"><h3 class=\"elementor-image-box-title\"><a href=\"https:\/\/maresvivas.meo.pt\/pt\" target=\"_blank\">Festival Mar\u00e9s Vivas<\/a><\/h3><p class=\"elementor-image-box-description\">El Festival Mar\u00e9s Vivas es un acontecimiento cultural y musical que se celebra anualmente en la ciudad de Porto y re\u00fane a artistas nacionales e internacionales en un vibrante entorno costero.<\/p><\/div><\/div>\t\t\t\t<\/div>\n\t\t\t\t<\/div>\n\t\t\t\t<\/div>\n\t\t\t\t\t<\/div>\n\t\t\t\t<\/div>\n\t\t\t\t\t\t\t\t<\/div>\n\t\t\t\t\t\t\t\t\t\t\t<div class=\"swiper-slide\" data-slide=\"2\" role=\"group\" aria-roledescription=\"slide\" aria-label=\"2 of 2\">\n\t\t\t\t\t\t\t<div class=\"elementor-element elementor-element-036c9fe e-flex e-con-boxed e-con e-child\" data-id=\"036c9fe\" data-element_type=\"container\">\n\t\t\t\t\t<div class=\"e-con-inner\">\n\t\t\t\t<div class=\"elementor-element elementor-element-fe52e3f elementor-widget__width-initial elementor-position-top elementor-widget elementor-widget-image-box\" data-id=\"fe52e3f\" data-element_type=\"widget\" data-widget_type=\"image-box.default\">\n\t\t\t\t<div class=\"elementor-widget-container\">\n\t\t\t\t\t<div class=\"elementor-image-box-wrapper\"><figure class=\"elementor-image-box-img\"><a href=\"https:\/\/www.primaverasound.com\/es\/porto\" target=\"_blank\" tabindex=\"-1\"><img loading=\"lazy\" decoding=\"async\" width=\"407\" height=\"500\" src=\"https:\/\/www.trypportocentro.com\/wp-content\/uploads\/sites\/11\/2024\/03\/Tryp_Porto_Centro_Primavera_Sound_Fest.jpg\" class=\"attachment-full size-full wp-image-14183\" alt=\"Tryp_Porto_Centro_Primavera_Sound_Fest\" srcset=\"https:\/\/www.trypportocentro.com\/wp-content\/uploads\/sites\/11\/2024\/03\/Tryp_Porto_Centro_Primavera_Sound_Fest.jpg 407w, https:\/\/www.trypportocentro.com\/wp-content\/uploads\/sites\/11\/2024\/03\/Tryp_Porto_Centro_Primavera_Sound_Fest-244x300.jpg 244w\" sizes=\"(max-width: 407px) 100vw, 407px\" \/><\/a><\/figure><div class=\"elementor-image-box-content\"><h3 class=\"elementor-image-box-title\"><a href=\"https:\/\/www.primaverasound.com\/es\/porto\" target=\"_blank\">Primavera Sound Fest<\/a><\/h3><p class=\"elementor-image-box-description\">Primavera Sound es un festival anual de m\u00fasica que se celebra en el Parque da Cidade de Porto, Portugal. Conocido por su diversidad musical y su ambiente vibrante, atrae a artistas y aficionados de todo el mundo durante tres d\u00edas de emocionantes actuaciones.<\/p><\/div><\/div>\t\t\t\t<\/div>\n\t\t\t\t<\/div>\n\t\t\t\t\t<\/div>\n\t\t\t\t<\/div>\n\t\t\t\t\t\t\t\t<\/div>\n\t\t\t\t\t\t\t\t<\/div>\n\t\t<\/div>\n\t\t\t\t\t\t<\/div>\n\t\t\t\t<\/div>\n\t\t\t\t<\/div>\n\t\t\t\t<\/div>\n\t\t\t\t<\/section>\n\t\t\t\t<\/div>\n\t\t","protected":false},"excerpt":{"rendered":"<p>Porto Porto, majestuosa ciudad a orillas del r\u00edo Douro, hechiza con su historia y su vibrante cultura. Explore callejuelas que revelan tesoros arquitect\u00f3nicos como el emblem\u00e1tico puente Dom Lu\u00eds I y la imponente S\u00e9 do Porto. Pasee por barrios pintorescos como Ribeira, con sus coloridas casas y animados bares. Saboree la cocina local en tabernas [&hellip;]<\/p>\n","protected":false},"author":1,"featured_media":0,"parent":0,"menu_order":0,"comment_status":"closed","ping_status":"closed","template":"","meta":{"_acf_changed":false,"footnotes":""},"class_list":["post-7031","page","type-page","status-publish","hentry"],"acf":[],"yoast_head":"<!-- This site is optimized with the Yoast SEO plugin v24.5 - https:\/\/yoast.com\/wordpress\/plugins\/seo\/ -->\n<title>Porto - Tryp Porto Centro<\/title>\n<meta name=\"description\" content=\"El hotel TRYP Porto Centro est\u00e1 situado en el centro hist\u00f3rico de la ciudad, a s\u00f3lo unos minutos de lugares emblem\u00e1ticos de Porto.\" \/>\n<meta name=\"robots\" content=\"index, follow, max-snippet:-1, max-image-preview:large, max-video-preview:-1\" \/>\n<link rel=\"canonical\" href=\"https:\/\/www.trypportocentro.com\/es\/porto\/\" \/>\n<meta property=\"og:locale\" content=\"es_ES\" \/>\n<meta property=\"og:type\" content=\"article\" \/>\n<meta property=\"og:title\" content=\"Porto - Tryp Porto Centro\" \/>\n<meta property=\"og:description\" content=\"El hotel TRYP Porto Centro est\u00e1 situado en el centro hist\u00f3rico de la ciudad, a s\u00f3lo unos minutos de lugares emblem\u00e1ticos de Porto.\" \/>\n<meta property=\"og:url\" content=\"https:\/\/www.trypportocentro.com\/es\/porto\/\" \/>\n<meta property=\"og:site_name\" content=\"Tryp Porto Centro\" \/>\n<meta property=\"article:publisher\" content=\"https:\/\/www.facebook.com\/TRYPPortoCentro\/\" \/>\n<meta property=\"article:modified_time\" content=\"2025-01-14T15:46:31+00:00\" \/>\n<meta property=\"og:image\" content=\"https:\/\/www.trypportocentro.com\/wp-content\/uploads\/sites\/11\/2024\/03\/Tryp_Porto_Centro_Gastronomia.jpg\" \/>\n\t<meta property=\"og:image:width\" content=\"407\" \/>\n\t<meta property=\"og:image:height\" content=\"500\" \/>\n\t<meta property=\"og:image:type\" content=\"image\/jpeg\" \/>\n<meta name=\"twitter:card\" content=\"summary_large_image\" \/>\n<meta name=\"twitter:label1\" content=\"Tiempo de lectura\" \/>\n\t<meta name=\"twitter:data1\" content=\"9 minutos\" \/>\n<script type=\"application\/ld+json\" class=\"yoast-schema-graph\">{\"@context\":\"https:\/\/schema.org\",\"@graph\":[{\"@type\":\"WebPage\",\"@id\":\"https:\/\/www.trypportocentro.com\/es\/porto\/\",\"url\":\"https:\/\/www.trypportocentro.com\/es\/porto\/\",\"name\":\"Porto - Tryp Porto Centro\",\"isPartOf\":{\"@id\":\"https:\/\/www.trypportocentro.com\/es\/#website\"},\"primaryImageOfPage\":{\"@id\":\"https:\/\/www.trypportocentro.com\/es\/porto\/#primaryimage\"},\"image\":{\"@id\":\"https:\/\/www.trypportocentro.com\/es\/porto\/#primaryimage\"},\"thumbnailUrl\":\"https:\/\/www.trypportocentro.com\/wp-content\/uploads\/sites\/11\/2024\/03\/Tryp_Porto_Centro_Gastronomia.jpg\",\"datePublished\":\"2023-12-19T12:17:38+00:00\",\"dateModified\":\"2025-01-14T15:46:31+00:00\",\"description\":\"El hotel TRYP Porto Centro est\u00e1 situado en el centro hist\u00f3rico de la ciudad, a s\u00f3lo unos minutos de lugares emblem\u00e1ticos de Porto.\",\"breadcrumb\":{\"@id\":\"https:\/\/www.trypportocentro.com\/es\/porto\/#breadcrumb\"},\"inLanguage\":\"es\",\"potentialAction\":[{\"@type\":\"ReadAction\",\"target\":[\"https:\/\/www.trypportocentro.com\/es\/porto\/\"]}]},{\"@type\":\"ImageObject\",\"inLanguage\":\"es\",\"@id\":\"https:\/\/www.trypportocentro.com\/es\/porto\/#primaryimage\",\"url\":\"https:\/\/www.trypportocentro.com\/wp-content\/uploads\/sites\/11\/2024\/03\/Tryp_Porto_Centro_Gastronomia.jpg\",\"contentUrl\":\"https:\/\/www.trypportocentro.com\/wp-content\/uploads\/sites\/11\/2024\/03\/Tryp_Porto_Centro_Gastronomia.jpg\"},{\"@type\":\"BreadcrumbList\",\"@id\":\"https:\/\/www.trypportocentro.com\/es\/porto\/#breadcrumb\",\"itemListElement\":[{\"@type\":\"ListItem\",\"position\":1,\"name\":\"In\u00edcio\",\"item\":\"https:\/\/www.trypportocentro.com\/es\/\"},{\"@type\":\"ListItem\",\"position\":2,\"name\":\"Porto\"}]},{\"@type\":\"WebSite\",\"@id\":\"https:\/\/www.trypportocentro.com\/es\/#website\",\"url\":\"https:\/\/www.trypportocentro.com\/es\/\",\"name\":\"TRYP Porto Centro\",\"description\":\"Hotel de 4 Estrelas no centro do Porto\",\"publisher\":{\"@id\":\"https:\/\/www.trypportocentro.com\/es\/#organization\"},\"alternateName\":\"TRYP Porto Centro\",\"potentialAction\":[{\"@type\":\"SearchAction\",\"target\":{\"@type\":\"EntryPoint\",\"urlTemplate\":\"https:\/\/www.trypportocentro.com\/es\/?s={search_term_string}\"},\"query-input\":{\"@type\":\"PropertyValueSpecification\",\"valueRequired\":true,\"valueName\":\"search_term_string\"}}],\"inLanguage\":\"es\"},{\"@type\":\"Organization\",\"@id\":\"https:\/\/www.trypportocentro.com\/es\/#organization\",\"name\":\"Tryp Porto Centro\",\"alternateName\":\"Tryp Porto Centro\",\"url\":\"https:\/\/www.trypportocentro.com\/es\/\",\"logo\":{\"@type\":\"ImageObject\",\"inLanguage\":\"es\",\"@id\":\"https:\/\/www.trypportocentro.com\/es\/#\/schema\/logo\/image\/\",\"url\":\"https:\/\/www.trypportocentro.com\/wp-content\/uploads\/sites\/11\/2025\/12\/TrypPortoCentro_Logo.png\",\"contentUrl\":\"https:\/\/www.trypportocentro.com\/wp-content\/uploads\/sites\/11\/2025\/12\/TrypPortoCentro_Logo.png\",\"width\":182,\"height\":90,\"caption\":\"Tryp Porto Centro\"},\"image\":{\"@id\":\"https:\/\/www.trypportocentro.com\/es\/#\/schema\/logo\/image\/\"},\"sameAs\":[\"https:\/\/www.facebook.com\/TRYPPortoCentro\/\",\"https:\/\/www.linkedin.com\/company\/hoti-hoteis\/\",\"https:\/\/www.tripadvisor.pt\/UserReviewEdit-g189180-d523920-TRYP_by_Wyndham_Porto_Centro_Hotel-Porto_Porto_District_Northern_Portugal.html\"]}]}<\/script>\n<!-- \/ Yoast SEO plugin. -->","yoast_head_json":{"title":"Porto - Tryp Porto Centro","description":"El hotel TRYP Porto Centro est\u00e1 situado en el centro hist\u00f3rico de la ciudad, a s\u00f3lo unos minutos de lugares emblem\u00e1ticos de Porto.","robots":{"index":"index","follow":"follow","max-snippet":"max-snippet:-1","max-image-preview":"max-image-preview:large","max-video-preview":"max-video-preview:-1"},"canonical":"https:\/\/www.trypportocentro.com\/es\/porto\/","og_locale":"es_ES","og_type":"article","og_title":"Porto - Tryp Porto Centro","og_description":"El hotel TRYP Porto Centro est\u00e1 situado en el centro hist\u00f3rico de la ciudad, a s\u00f3lo unos minutos de lugares emblem\u00e1ticos de Porto.","og_url":"https:\/\/www.trypportocentro.com\/es\/porto\/","og_site_name":"Tryp Porto Centro","article_publisher":"https:\/\/www.facebook.com\/TRYPPortoCentro\/","article_modified_time":"2025-01-14T15:46:31+00:00","og_image":[{"width":407,"height":500,"url":"https:\/\/www.trypportocentro.com\/wp-content\/uploads\/sites\/11\/2024\/03\/Tryp_Porto_Centro_Gastronomia.jpg","type":"image\/jpeg"}],"twitter_card":"summary_large_image","twitter_misc":{"Tiempo de lectura":"9 minutos"},"schema":{"@context":"https:\/\/schema.org","@graph":[{"@type":"WebPage","@id":"https:\/\/www.trypportocentro.com\/es\/porto\/","url":"https:\/\/www.trypportocentro.com\/es\/porto\/","name":"Porto - Tryp Porto Centro","isPartOf":{"@id":"https:\/\/www.trypportocentro.com\/es\/#website"},"primaryImageOfPage":{"@id":"https:\/\/www.trypportocentro.com\/es\/porto\/#primaryimage"},"image":{"@id":"https:\/\/www.trypportocentro.com\/es\/porto\/#primaryimage"},"thumbnailUrl":"https:\/\/www.trypportocentro.com\/wp-content\/uploads\/sites\/11\/2024\/03\/Tryp_Porto_Centro_Gastronomia.jpg","datePublished":"2023-12-19T12:17:38+00:00","dateModified":"2025-01-14T15:46:31+00:00","description":"El hotel TRYP Porto Centro est\u00e1 situado en el centro hist\u00f3rico de la ciudad, a s\u00f3lo unos minutos de lugares emblem\u00e1ticos de Porto.","breadcrumb":{"@id":"https:\/\/www.trypportocentro.com\/es\/porto\/#breadcrumb"},"inLanguage":"es","potentialAction":[{"@type":"ReadAction","target":["https:\/\/www.trypportocentro.com\/es\/porto\/"]}]},{"@type":"ImageObject","inLanguage":"es","@id":"https:\/\/www.trypportocentro.com\/es\/porto\/#primaryimage","url":"https:\/\/www.trypportocentro.com\/wp-content\/uploads\/sites\/11\/2024\/03\/Tryp_Porto_Centro_Gastronomia.jpg","contentUrl":"https:\/\/www.trypportocentro.com\/wp-content\/uploads\/sites\/11\/2024\/03\/Tryp_Porto_Centro_Gastronomia.jpg"},{"@type":"BreadcrumbList","@id":"https:\/\/www.trypportocentro.com\/es\/porto\/#breadcrumb","itemListElement":[{"@type":"ListItem","position":1,"name":"In\u00edcio","item":"https:\/\/www.trypportocentro.com\/es\/"},{"@type":"ListItem","position":2,"name":"Porto"}]},{"@type":"WebSite","@id":"https:\/\/www.trypportocentro.com\/es\/#website","url":"https:\/\/www.trypportocentro.com\/es\/","name":"TRYP Porto Centro","description":"Hotel de 4 Estrelas no centro do Porto","publisher":{"@id":"https:\/\/www.trypportocentro.com\/es\/#organization"},"alternateName":"TRYP Porto Centro","potentialAction":[{"@type":"SearchAction","target":{"@type":"EntryPoint","urlTemplate":"https:\/\/www.trypportocentro.com\/es\/?s={search_term_string}"},"query-input":{"@type":"PropertyValueSpecification","valueRequired":true,"valueName":"search_term_string"}}],"inLanguage":"es"},{"@type":"Organization","@id":"https:\/\/www.trypportocentro.com\/es\/#organization","name":"Tryp Porto Centro","alternateName":"Tryp Porto Centro","url":"https:\/\/www.trypportocentro.com\/es\/","logo":{"@type":"ImageObject","inLanguage":"es","@id":"https:\/\/www.trypportocentro.com\/es\/#\/schema\/logo\/image\/","url":"https:\/\/www.trypportocentro.com\/wp-content\/uploads\/sites\/11\/2025\/12\/TrypPortoCentro_Logo.png","contentUrl":"https:\/\/www.trypportocentro.com\/wp-content\/uploads\/sites\/11\/2025\/12\/TrypPortoCentro_Logo.png","width":182,"height":90,"caption":"Tryp Porto Centro"},"image":{"@id":"https:\/\/www.trypportocentro.com\/es\/#\/schema\/logo\/image\/"},"sameAs":["https:\/\/www.facebook.com\/TRYPPortoCentro\/","https:\/\/www.linkedin.com\/company\/hoti-hoteis\/","https:\/\/www.tripadvisor.pt\/UserReviewEdit-g189180-d523920-TRYP_by_Wyndham_Porto_Centro_Hotel-Porto_Porto_District_Northern_Portugal.html"]}]}},"_links":{"self":[{"href":"https:\/\/www.trypportocentro.com\/es\/wp-json\/wp\/v2\/pages\/7031","targetHints":{"allow":["GET"]}}],"collection":[{"href":"https:\/\/www.trypportocentro.com\/es\/wp-json\/wp\/v2\/pages"}],"about":[{"href":"https:\/\/www.trypportocentro.com\/es\/wp-json\/wp\/v2\/types\/page"}],"author":[{"embeddable":true,"href":"https:\/\/www.trypportocentro.com\/es\/wp-json\/wp\/v2\/users\/1"}],"replies":[{"embeddable":true,"href":"https:\/\/www.trypportocentro.com\/es\/wp-json\/wp\/v2\/comments?post=7031"}],"version-history":[{"count":10,"href":"https:\/\/www.trypportocentro.com\/es\/wp-json\/wp\/v2\/pages\/7031\/revisions"}],"predecessor-version":[{"id":17160,"href":"https:\/\/www.trypportocentro.com\/es\/wp-json\/wp\/v2\/pages\/7031\/revisions\/17160"}],"wp:attachment":[{"href":"https:\/\/www.trypportocentro.com\/es\/wp-json\/wp\/v2\/media?parent=7031"}],"curies":[{"name":"wp","href":"https:\/\/api.w.org\/{rel}","templated":true}]}}